{"id":3571,"date":"2018-07-17T00:57:00","date_gmt":"2018-07-16T22:57:00","guid":{"rendered":"https:\/\/www.abaccointernational.es\/trip\/oporto\/"},"modified":"2019-02-28T00:49:11","modified_gmt":"2019-02-27T23:49:11","slug":"oporto","status":"publish","type":"portfolio","link":"https:\/\/www.abaccointernational.es\/it\/trip\/oporto\/","title":{"rendered":"Oporto"},"content":{"rendered":"<div id='av-layout-grid-1'  class='av-layout-grid-container av-gusls-dccc09097296d216036722992b17ed58 entry-content-wrapper main_color av-flex-cells  avia-builder-el-0  el_before_av_section  avia-builder-el-first   container_wrap sidebar_right'  >\n\n<style type=\"text\/css\" data-created_by=\"avia_inline_auto\" id=\"style-css-av-ji3lvnyt-26daba21bc50c801734e591253f736d4\">\n.flex_cell.av-ji3lvnyt-26daba21bc50c801734e591253f736d4{\nvertical-align:top;\nbackground:url(https:\/\/www.abaccointernational.es\/wp-content\/uploads\/2018\/06\/Portugal-Azulejos.jpg) 50% 50% no-repeat fixed ;\n}\n.responsive #top #wrap_all .flex_cell.av-ji3lvnyt-26daba21bc50c801734e591253f736d4{\npadding:30px 30px 30px 30px !important;\n}\n<\/style>\n<div class='flex_cell av-ji3lvnyt-26daba21bc50c801734e591253f736d4 av-gridrow-cell av_one_full no_margin  avia-builder-el-1  avia-builder-el-no-sibling  content-align-top avia-full-stretch'  ><div class='flex_cell_inner'>\n<style type=\"text\/css\" data-created_by=\"avia_inline_auto\" id=\"style-css-av-x2xw8-1efdd5d6d8dfcfecbd0505025e0e69a2\">\n.flex_column.av-x2xw8-1efdd5d6d8dfcfecbd0505025e0e69a2{\nborder-radius:0px 0px 0px 0px;\npadding:0px 0px 0px 0px;\n}\n<\/style>\n<div  class='flex_column av-x2xw8-1efdd5d6d8dfcfecbd0505025e0e69a2 av_one_full  avia-builder-el-2  avia-builder-el-no-sibling  first flex_column_div av-zero-column-padding  '     ><p>\n<style type=\"text\/css\" data-created_by=\"avia_inline_auto\" id=\"style-css-av-jr9he80t-2eed0e6e0a10b1d08df21f459679b870\">\n#top .av-special-heading.av-jr9he80t-2eed0e6e0a10b1d08df21f459679b870{\npadding-bottom:10px;\n}\nbody .av-special-heading.av-jr9he80t-2eed0e6e0a10b1d08df21f459679b870 .av-special-heading-tag .heading-char{\nfont-size:25px;\n}\n.av-special-heading.av-jr9he80t-2eed0e6e0a10b1d08df21f459679b870 .av-subheading{\nfont-size:15px;\n}\n<\/style>\n<div  class='av-special-heading av-jr9he80t-2eed0e6e0a10b1d08df21f459679b870 av-special-heading-h1 blockquote modern-quote modern-centered  avia-builder-el-3  el_before_av_hr  avia-builder-el-first '><h1 class='av-special-heading-tag '  itemprop=\"headline\"  >Oporto <\/h1><div class=\"special-heading-border\"><div class=\"special-heading-inner-border\"><\/div><\/div><\/div><br \/>\n\n<style type=\"text\/css\" data-created_by=\"avia_inline_auto\" id=\"style-css-av-ji3h4cwl-bf26b9176aa39907a2149a260830a168\">\n#top .hr.av-ji3h4cwl-bf26b9176aa39907a2149a260830a168{\nmargin-top:10px;\nmargin-bottom:10px;\n}\n.hr.av-ji3h4cwl-bf26b9176aa39907a2149a260830a168 .hr-inner{\nwidth:50px;\nborder-color:#a81010;\nmax-width:45%;\n}\n.hr.av-ji3h4cwl-bf26b9176aa39907a2149a260830a168 .av-seperator-icon{\ncolor:#a81010;\n}\n.hr.av-ji3h4cwl-bf26b9176aa39907a2149a260830a168 .av-seperator-icon.avia-svg-icon svg:first-child{\nfill:#a81010;\nstroke:#a81010;\n}\n<\/style>\n<div  class='hr av-ji3h4cwl-bf26b9176aa39907a2149a260830a168 hr-custom  avia-builder-el-4  el_after_av_heading  avia-builder-el-last  hr-center hr-icon-yes'><span class='hr-inner inner-border-av-border-thin'><span class=\"hr-inner-style\"><\/span><\/span><span class='av-seperator-icon avia-iconfont avia-font-entypo-fontello' data-av_icon='\ue841' data-av_iconfont='entypo-fontello' ><\/span><span class='hr-inner inner-border-av-border-thin'><span class=\"hr-inner-style\"><\/span><\/span><\/div><\/p><\/div>\n<\/div><\/div>\n<\/div>\n<div id='porto'  class='avia-section av-ji3ta8w4-c5e505b64b3b1f9d8a8efba63de37e07 main_color avia-section-default avia-no-border-styling  avia-builder-el-5  el_after_av_layout_row  el_before_av_section  avia-bg-style-scroll container_wrap sidebar_right'  ><div class='container av-section-cont-open' ><div class='template-page content  av-content-small alpha units'><div class='post-entry post-entry-type-page post-entry-3571'><div class='entry-content-wrapper clearfix'>\n\n<style type=\"text\/css\" data-created_by=\"avia_inline_auto\" id=\"style-css-av-cpvgo-984f2fdf1ba3152311784538e1489c30\">\n.flex_column.av-cpvgo-984f2fdf1ba3152311784538e1489c30{\nborder-radius:0px 0px 0px 0px;\npadding:0px 0px 0px 0px;\n}\n<\/style>\n<div  class='flex_column av-cpvgo-984f2fdf1ba3152311784538e1489c30 av_one_half  avia-builder-el-6  el_before_av_one_half  avia-builder-el-first  first flex_column_div av-zero-column-padding  '     ><div  class='avia-slideshow av-jjo8f528-60dbfc03b3d2afbd653434b014cf07f1 avia-slideshow-portfolio av_slideshow avia-fade-slider  avia-builder-el-7  avia-builder-el-no-sibling  av-slideshow-ui av-control-default av-slideshow-autoplay av-loop-endless av-loop-manual-endless av-default-height-applied avia-slideshow-1' data-slideshow-options=\"{&quot;animation&quot;:&quot;fade&quot;,&quot;autoplay&quot;:true,&quot;loop_autoplay&quot;:&quot;endless&quot;,&quot;interval&quot;:5,&quot;loop_manual&quot;:&quot;manual-endless&quot;,&quot;autoplay_stopper&quot;:false,&quot;noNavigation&quot;:false,&quot;bg_slider&quot;:false,&quot;keep_padding&quot;:false,&quot;hoverpause&quot;:false,&quot;show_slide_delay&quot;:0}\"  itemprop=\"image\" itemscope=\"itemscope\" itemtype=\"https:\/\/schema.org\/ImageObject\" ><ul class='avia-slideshow-inner ' style='padding-bottom: 80.808080808081%;'><li  class='avia-slideshow-slide av-jjo8f528-60dbfc03b3d2afbd653434b014cf07f1__0  slide-1 slide-odd'><div data-rel='slideshow-1' class='avia-slide-wrap '   ><img decoding=\"async\" fetchpriority=\"high\" class=\"wp-image-1341 avia-img-lazy-loading-not-1341\"  src=\"https:\/\/www.abaccointernational.es\/wp-content\/uploads\/2018\/07\/Porto-Sao-Bento-Station-495x400.jpg\" width=\"495\" height=\"400\" title='Porto-Sao-Bento-Station' alt=''  itemprop=\"thumbnailUrl\" srcset=\"https:\/\/www.abaccointernational.es\/wp-content\/uploads\/2018\/07\/Porto-Sao-Bento-Station-495x400.jpg 495w, https:\/\/www.abaccointernational.es\/wp-content\/uploads\/2018\/07\/Porto-Sao-Bento-Station-300x243.jpg 300w, https:\/\/www.abaccointernational.es\/wp-content\/uploads\/2018\/07\/Porto-Sao-Bento-Station-768x622.jpg 768w, https:\/\/www.abaccointernational.es\/wp-content\/uploads\/2018\/07\/Porto-Sao-Bento-Station-705x571.jpg 705w, https:\/\/www.abaccointernational.es\/wp-content\/uploads\/2018\/07\/Porto-Sao-Bento-Station-450x364.jpg 450w, https:\/\/www.abaccointernational.es\/wp-content\/uploads\/2018\/07\/Porto-Sao-Bento-Station.jpg 845w\" sizes=\"(max-width: 495px) 100vw, 495px\" \/><\/div><\/li><li  class='avia-slideshow-slide av-jjo8f528-60dbfc03b3d2afbd653434b014cf07f1__1  slide-2 slide-even'><div data-rel='slideshow-1' class='avia-slide-wrap '   ><img decoding=\"async\" fetchpriority=\"high\" class=\"wp-image-1343 avia-img-lazy-loading-not-1343\"  src=\"https:\/\/www.abaccointernational.es\/wp-content\/uploads\/2018\/07\/Bridge-Don-Luis-I-Oporto-Portugal-495x400.jpg\" width=\"495\" height=\"400\" title='Bridge-Don-Luis-I-Oporto-Portugal' alt=''  itemprop=\"thumbnailUrl\" srcset=\"https:\/\/www.abaccointernational.es\/wp-content\/uploads\/2018\/07\/Bridge-Don-Luis-I-Oporto-Portugal-495x400.jpg 495w, https:\/\/www.abaccointernational.es\/wp-content\/uploads\/2018\/07\/Bridge-Don-Luis-I-Oporto-Portugal-300x243.jpg 300w, https:\/\/www.abaccointernational.es\/wp-content\/uploads\/2018\/07\/Bridge-Don-Luis-I-Oporto-Portugal-768x622.jpg 768w, https:\/\/www.abaccointernational.es\/wp-content\/uploads\/2018\/07\/Bridge-Don-Luis-I-Oporto-Portugal-705x571.jpg 705w, https:\/\/www.abaccointernational.es\/wp-content\/uploads\/2018\/07\/Bridge-Don-Luis-I-Oporto-Portugal-450x364.jpg 450w, https:\/\/www.abaccointernational.es\/wp-content\/uploads\/2018\/07\/Bridge-Don-Luis-I-Oporto-Portugal.jpg 845w\" sizes=\"(max-width: 495px) 100vw, 495px\" \/><\/div><\/li><li  class='avia-slideshow-slide av-jjo8f528-60dbfc03b3d2afbd653434b014cf07f1__2  slide-3 slide-odd'><div data-rel='slideshow-1' class='avia-slide-wrap '   ><img decoding=\"async\" fetchpriority=\"high\" class=\"wp-image-3572 avia-img-lazy-loading-not-3572\"  src=\"https:\/\/www.abaccointernational.es\/wp-content\/uploads\/2018\/07\/Porto-Ribeira-495x400.jpg\" width=\"495\" height=\"400\" title='Ribeira, Porto' alt=''  itemprop=\"thumbnailUrl\" srcset=\"https:\/\/www.abaccointernational.es\/wp-content\/uploads\/2018\/07\/Porto-Ribeira-495x400.jpg 495w, https:\/\/www.abaccointernational.es\/wp-content\/uploads\/2018\/07\/Porto-Ribeira-300x243.jpg 300w, https:\/\/www.abaccointernational.es\/wp-content\/uploads\/2018\/07\/Porto-Ribeira-768x622.jpg 768w, https:\/\/www.abaccointernational.es\/wp-content\/uploads\/2018\/07\/Porto-Ribeira-705x571.jpg 705w, https:\/\/www.abaccointernational.es\/wp-content\/uploads\/2018\/07\/Porto-Ribeira-450x364.jpg 450w, https:\/\/www.abaccointernational.es\/wp-content\/uploads\/2018\/07\/Porto-Ribeira.jpg 845w\" sizes=\"(max-width: 495px) 100vw, 495px\" \/><\/div><\/li><li  class='avia-slideshow-slide av-jjo8f528-60dbfc03b3d2afbd653434b014cf07f1__3  slide-4 slide-even'><div data-rel='slideshow-1' class='avia-slide-wrap '   ><img decoding=\"async\" fetchpriority=\"high\" class=\"wp-image-3574 avia-img-lazy-loading-not-3574\"  src=\"https:\/\/www.abaccointernational.es\/wp-content\/uploads\/2018\/07\/Porto-San-Idelfonso-church-495x400.jpg\" width=\"495\" height=\"400\" title='Porto, Portugal' alt=''  itemprop=\"thumbnailUrl\" srcset=\"https:\/\/www.abaccointernational.es\/wp-content\/uploads\/2018\/07\/Porto-San-Idelfonso-church-495x400.jpg 495w, https:\/\/www.abaccointernational.es\/wp-content\/uploads\/2018\/07\/Porto-San-Idelfonso-church-300x243.jpg 300w, https:\/\/www.abaccointernational.es\/wp-content\/uploads\/2018\/07\/Porto-San-Idelfonso-church-768x622.jpg 768w, https:\/\/www.abaccointernational.es\/wp-content\/uploads\/2018\/07\/Porto-San-Idelfonso-church-705x571.jpg 705w, https:\/\/www.abaccointernational.es\/wp-content\/uploads\/2018\/07\/Porto-San-Idelfonso-church-450x364.jpg 450w, https:\/\/www.abaccointernational.es\/wp-content\/uploads\/2018\/07\/Porto-San-Idelfonso-church.jpg 845w\" sizes=\"(max-width: 495px) 100vw, 495px\" \/><\/div><\/li><\/ul><div class='avia-slideshow-arrows avia-slideshow-controls' ><a href='#prev' class='prev-slide  avia-svg-icon avia-font-svg_entypo-fontello' data-av_svg_icon='left-open-big' data-av_iconset='svg_entypo-fontello' tabindex='-1' title=\"Prec\"><svg version=\"1.1\" xmlns=\"http:\/\/www.w3.org\/2000\/svg\" width=\"15\" height=\"32\" viewBox=\"0 0 15 32\" preserveAspectRatio=\"xMidYMid meet\" aria-labelledby='av-svg-title-1' aria-describedby='av-svg-desc-1' role=\"graphics-symbol\" aria-hidden=\"true\">\n<title id='av-svg-title-1'>Prec<\/title>\n<desc id='av-svg-desc-1'>Prec<\/desc>\n<path d=\"M14.464 27.84q0.832 0.832 0 1.536-0.832 0.832-1.536 0l-12.544-12.608q-0.768-0.768 0-1.6l12.544-12.608q0.704-0.832 1.536 0 0.832 0.704 0 1.536l-11.456 11.904z\"><\/path>\n<\/svg><span class='avia_hidden_link_text'>Prec<\/span><\/a><a href='#next' class='next-slide  avia-svg-icon avia-font-svg_entypo-fontello' data-av_svg_icon='right-open-big' data-av_iconset='svg_entypo-fontello' tabindex='-1' title=\"Succ\"><svg version=\"1.1\" xmlns=\"http:\/\/www.w3.org\/2000\/svg\" width=\"15\" height=\"32\" viewBox=\"0 0 15 32\" preserveAspectRatio=\"xMidYMid meet\" aria-labelledby='av-svg-title-2' aria-describedby='av-svg-desc-2' role=\"graphics-symbol\" aria-hidden=\"true\">\n<title id='av-svg-title-2'>Succ<\/title>\n<desc id='av-svg-desc-2'>Succ<\/desc>\n<path d=\"M0.416 27.84l11.456-11.84-11.456-11.904q-0.832-0.832 0-1.536 0.832-0.832 1.536 0l12.544 12.608q0.768 0.832 0 1.6l-12.544 12.608q-0.704 0.832-1.536 0-0.832-0.704 0-1.536z\"><\/path>\n<\/svg><span class='avia_hidden_link_text'>Succ<\/span><\/a><\/div><div class='avia-slideshow-dots avia-slideshow-controls'><a href='#1' class='goto-slide active' >1<\/a><a href='#2' class='goto-slide ' >2<\/a><a href='#3' class='goto-slide ' >3<\/a><a href='#4' class='goto-slide ' >4<\/a><\/div><\/div><\/div>\n<style type=\"text\/css\" data-created_by=\"avia_inline_auto\" id=\"style-css-av-kbmeg-00b43138741ac0a521aa16ff187ea6ba\">\n.flex_column.av-kbmeg-00b43138741ac0a521aa16ff187ea6ba{\nborder-radius:0px 0px 0px 0px;\npadding:0px 0px 0px 0px;\n}\n<\/style>\n<div  class='flex_column av-kbmeg-00b43138741ac0a521aa16ff187ea6ba av_one_half  avia-builder-el-8  el_after_av_one_half  avia-builder-el-last  flex_column_div av-zero-column-padding  '     ><section  class='av_textblock_section av-9n53q-7ad5276787644226b9ab7b943b02c914 '   itemscope=\"itemscope\" itemtype=\"https:\/\/schema.org\/CreativeWork\" ><div class='avia_textblock'  itemprop=\"text\" ><h2>Porto \u00e8 l\u2019operosa capitale del nord del Portogallo e la seconda citt\u00e0 in importanza nel paese<\/h2>\n<p>L\u2019incantevole centro storico ha meritato la nomina di Sito Patrimonio dell\u2019Umanit\u00e0 dall\u2019UNESCO.<\/p>\n<p>Il nome di Porto ha l\u2019origine nell\u2019animatissimo porto fluviale che collega la citt\u00e0 con Vila Nova de Gaia, dove si concentrano le famose cantine di vino di Porto. La visita di Vila Nova de Gaia \u00e8 d\u2019obbligo per ammirare il colorito quartiere di Ribeira a Porto, e per assaggiare un bicchiere di vino in una delle cantine.<\/p>\n<p>Le visite turistiche a Porto includono normalmente la S\u00e9 (cattedrale), la Chiesa di S\u00e3o Francisco e il Palazzo della Borsa, ma anche moderni siti come la Fondazione Serralves e la Casa da M\u00fasica. Una passeggiata in Rua da Santa Caterina, un\u2019occhiata all\u2019interno del Mercato di Bolhao ed una mini-crociera sul Douro per ammirare i bellissimi ponti, antichi e moderni, completeranno un fantastico soggiorno a Porto.<\/p>\n<p>Porto \u00e8 una destinazione per s\u00e9, con possibilit\u00e0 di escursioni ad Aveiro, Braga e Guimar\u00e3es, nel Nord del Portogallo, come anche in Galizia (Spagna). Porto si trova a sole 2 ore di strada da Santiago de Compostela.<\/p>\n<p>Aprofittando il corso del fiume Douro, l\u2019abbinamento naturale di Porto con la Castiglia, in Spagna, \u00e8 anche un\u2019esperienza formidabile, grazie alle confortevoli imbarcazioni che collegano l\u2019entroterra spagnolo con l\u2019Oceano Atlantico.<\/p>\n<\/div><\/section><br \/>\n\n<style type=\"text\/css\" data-created_by=\"avia_inline_auto\" id=\"style-css-av-jls71s5w-94267087eb754b0ce1dd99825ca98eac\">\n#top .hr.hr-invisible.av-jls71s5w-94267087eb754b0ce1dd99825ca98eac{\nheight:25px;\n}\n<\/style>\n<div  class='hr av-jls71s5w-94267087eb754b0ce1dd99825ca98eac hr-invisible  avia-builder-el-10  el_after_av_textblock  el_before_av_button '><span class='hr-inner '><span class=\"hr-inner-style\"><\/span><\/span><\/div><br \/>\n<div  class='avia-button-wrap av-jhx9ngwl-c063bc6f76922d4cb21b9e6828a141d6-wrap avia-button-center  avia-builder-el-11  el_after_av_hr  avia-builder-el-last '>\n<style type=\"text\/css\" data-created_by=\"avia_inline_auto\" id=\"style-css-av-jhx9ngwl-c063bc6f76922d4cb21b9e6828a141d6\">\n#top #wrap_all .avia-button.av-jhx9ngwl-c063bc6f76922d4cb21b9e6828a141d6{\nbackground-color:#004c99;\nborder-color:#004c99;\ncolor:#ffffff;\ntransition:all 0.4s ease-in-out;\n}\n#top #wrap_all .avia-button.av-jhx9ngwl-c063bc6f76922d4cb21b9e6828a141d6 .avia-svg-icon svg:first-child{\nfill:#ffffff;\nstroke:#ffffff;\n}\n<\/style>\n<a href='https:\/\/www.abaccointernational.es\/it\/richiedi-un-preventivo\/'  class='avia-button av-jhx9ngwl-c063bc6f76922d4cb21b9e6828a141d6 av-link-btn avia-icon_select-yes-left-icon avia-size-x-large avia-position-center'  target=\"_blank\"  rel=\"noopener noreferrer\"  aria-label=\"Richiedi un preventivo\"><span class='avia_button_icon avia_button_icon_left avia-iconfont avia-font-entypo-fontello' data-av_icon='\ue805' data-av_iconfont='entypo-fontello' ><\/span><span class='avia_iconbox_title' >Richiedi un preventivo<\/span><\/a><\/div><\/p><\/div><\/div><\/div><\/div><!-- close content main div --><\/div><\/div><div id='av_section_2'  class='avia-section av-b6j9k-cfe45a10f1f7b90f4ae2fc35dd53c627 main_color avia-section-default avia-no-border-styling  avia-builder-el-12  el_after_av_section  el_before_av_submenu  avia-bg-style-scroll container_wrap sidebar_right'  ><div class='container av-section-cont-open' ><div class='template-page content  av-content-small alpha units'><div class='post-entry post-entry-type-page post-entry-3571'><div class='entry-content-wrapper clearfix'>\n\n<style type=\"text\/css\" data-created_by=\"avia_inline_auto\" id=\"style-css-av-88t94i-e7b53f21bec7275cf1b850629195ef4e\">\n#top .avia-icon-list-container.av-88t94i-e7b53f21bec7275cf1b850629195ef4e .iconlist_icon{\ncolor:#ffffff;\nbackground-color:#004d99;\n}\n#top .avia-icon-list-container.av-88t94i-e7b53f21bec7275cf1b850629195ef4e .iconlist_icon svg:first-child{\nstroke:#ffffff;\nfill:#ffffff;\n}\n#top #wrap_all .avia-icon-list-container.av-88t94i-e7b53f21bec7275cf1b850629195ef4e .av_iconlist_title{\ncolor:#004d99;\n}\n<\/style>\n<div  class='avia-icon-list-container av-88t94i-e7b53f21bec7275cf1b850629195ef4e  avia-builder-el-13  avia-builder-el-no-sibling '><ul class='avia-icon-list avia_animate_when_almost_visible avia-icon-list-left av-iconlist-small av-88t94i-e7b53f21bec7275cf1b850629195ef4e avia-iconlist-animate'>\n<li><div class='iconlist_icon av-av_iconlist_item-9fcacf555189b5454088b21d000f38d9 avia-font-down-hand-1 avia-iconfont avia-font-down-hand-1'><span class='av-icon-char' data-av_icon='\ue800' data-av_iconfont='down-hand-1' aria-hidden=\"true\"><\/span><\/div><article class=\"article-icon-entry av-iconlist-empty\"  itemscope=\"itemscope\" itemtype=\"https:\/\/schema.org\/CreativeWork\" ><div class=\"iconlist_content_wrap\"><header class=\"entry-content-header\" aria-label=\"Icona: &lt;strong&gt;Scopri altre destinazioni in Spagna:&lt;\/strong&gt;\"><div class='av_iconlist_title iconlist_title_small  av_inherit_color'  itemprop=\"headline\" ><strong>Scopri altre destinazioni in Spagna:<\/strong><\/div><\/header><div class='iconlist_content '  itemprop=\"text\" ><\/div><\/div><footer class=\"entry-footer\"><\/footer><\/article><div class=\"iconlist-timeline\"><\/div><\/li>\n<\/ul><\/div>\n<\/p>\n<\/div><\/div><\/div><!-- close content main div --><\/div><\/div><div class='clear'><\/div><div id='sub_menu1'  class='av-submenu-container av-ji2xdi5v-04cdcecced46abc197fae12f97b2da16 main_color  avia-builder-el-14  el_after_av_section  el_before_av_section  av-sticky-submenu submenu-not-first container_wrap sidebar_right' style='z-index:301' ><div class='container av-menu-mobile-disabled av-submenu-pos-center'><ul id=\"menu-portugal-italian\" class=\"av-subnav-menu\" role=\"menu\"><li role=\"menuitem\" id=\"menu-item-3712\" class=\"menu-item menu-item-type-post_type menu-item-object-portfolio menu-item-top-level menu-item-top-level-1\"><a href=\"https:\/\/www.abaccointernational.es\/it\/trip\/lisbona\/\" itemprop=\"url\" tabindex=\"0\"><span class=\"avia-bullet\"><\/span><span class=\"avia-menu-text\">Lisbona<\/span><span class=\"avia-menu-fx\"><span class=\"avia-arrow-wrap\"><span class=\"avia-arrow\"><\/span><\/span><\/span><\/a><\/li>\n<li role=\"menuitem\" id=\"menu-item-3713\" class=\"menu-item menu-item-type-post_type menu-item-object-portfolio menu-item-top-level menu-item-top-level-2\"><a href=\"https:\/\/www.abaccointernational.es\/it\/trip\/coimbra\/\" itemprop=\"url\" tabindex=\"0\"><span class=\"avia-bullet\"><\/span><span class=\"avia-menu-text\">Coimbra<\/span><span class=\"avia-menu-fx\"><span class=\"avia-arrow-wrap\"><span class=\"avia-arrow\"><\/span><\/span><\/span><\/a><\/li>\n<li role=\"menuitem\" id=\"menu-item-3714\" class=\"menu-item menu-item-type-post_type menu-item-object-portfolio menu-item-top-level menu-item-top-level-3\"><a href=\"https:\/\/www.abaccointernational.es\/it\/trip\/evora\/\" itemprop=\"url\" tabindex=\"0\"><span class=\"avia-bullet\"><\/span><span class=\"avia-menu-text\">\u00c9vora<\/span><span class=\"avia-menu-fx\"><span class=\"avia-arrow-wrap\"><span class=\"avia-arrow\"><\/span><\/span><\/span><\/a><\/li>\n<li role=\"menuitem\" id=\"menu-item-3715\" class=\"menu-item menu-item-type-post_type menu-item-object-portfolio menu-item-top-level menu-item-top-level-4\"><a href=\"https:\/\/www.abaccointernational.es\/it\/trip\/fatima\/\" itemprop=\"url\" tabindex=\"0\"><span class=\"avia-bullet\"><\/span><span class=\"avia-menu-text\">F\u00e1tima<\/span><span class=\"avia-menu-fx\"><span class=\"avia-arrow-wrap\"><span class=\"avia-arrow\"><\/span><\/span><\/span><\/a><\/li>\n<li role=\"menuitem\" id=\"menu-item-3716\" class=\"menu-item menu-item-type-post_type menu-item-object-portfolio menu-item-top-level menu-item-top-level-5\"><a href=\"https:\/\/www.abaccointernational.es\/it\/trip\/madeira\/\" itemprop=\"url\" tabindex=\"0\"><span class=\"avia-bullet\"><\/span><span class=\"avia-menu-text\">Madeira<\/span><span class=\"avia-menu-fx\"><span class=\"avia-arrow-wrap\"><span class=\"avia-arrow\"><\/span><\/span><\/span><\/a><\/li>\n<li role=\"menuitem\" id=\"menu-item-3717\" class=\"menu-item menu-item-type-post_type menu-item-object-portfolio menu-item-top-level menu-item-top-level-6\"><a href=\"https:\/\/www.abaccointernational.es\/it\/trip\/oporto\/\" itemprop=\"url\" tabindex=\"0\"><span class=\"avia-bullet\"><\/span><span class=\"avia-menu-text\">Oporto<\/span><span class=\"avia-menu-fx\"><span class=\"avia-arrow-wrap\"><span class=\"avia-arrow\"><\/span><\/span><\/span><\/a><\/li>\n<li role=\"menuitem\" id=\"menu-item-3718\" class=\"menu-item menu-item-type-post_type menu-item-object-portfolio menu-item-top-level menu-item-top-level-7\"><a href=\"https:\/\/www.abaccointernational.es\/it\/trip\/azores\/\" itemprop=\"url\" tabindex=\"0\"><span class=\"avia-bullet\"><\/span><span class=\"avia-menu-text\">Azores<\/span><span class=\"avia-menu-fx\"><span class=\"avia-arrow-wrap\"><span class=\"avia-arrow\"><\/span><\/span><\/span><\/a><\/li>\n<li role=\"menuitem\" id=\"menu-item-3719\" class=\"menu-item menu-item-type-post_type menu-item-object-page menu-item-top-level menu-item-top-level-8\"><a href=\"https:\/\/www.abaccointernational.es\/it\/destinazioni\/\" itemprop=\"url\" tabindex=\"0\"><span class=\"avia-bullet\"><\/span><span class=\"avia-menu-text\">All destinazioni<\/span><span class=\"avia-menu-fx\"><span class=\"avia-arrow-wrap\"><span class=\"avia-arrow\"><\/span><\/span><\/span><\/a><\/li>\n<\/ul><\/div><\/div><div class='sticky_placeholder'><\/div>\n\n<style type=\"text\/css\" data-created_by=\"avia_inline_auto\" id=\"style-css-av-ji5dvu09-795a841ceb380f75ff7a4276b10dc773\">\n.avia-section.av-ji5dvu09-795a841ceb380f75ff7a4276b10dc773{\nbackground-color:#f9f9f9;\nbackground-image:url(https:\/\/www.abaccointernational.es\/wp-content\/uploads\/2018\/09\/pattern-mail-80x80.png);\nbackground-repeat:repeat;\nbackground-position:0% 0%;\nbackground-attachment:scroll;\n}\n<\/style>\n<div id='av_section_3'  class='avia-section av-ji5dvu09-795a841ceb380f75ff7a4276b10dc773 main_color avia-section-default avia-no-border-styling  avia-builder-el-15  el_after_av_submenu  avia-builder-el-last  avia-bg-style-scroll container_wrap sidebar_right'  data-section-bg-repeat='repeat'><div class='container av-section-cont-open' ><div class='template-page content  av-content-small alpha units'><div class='post-entry post-entry-type-page post-entry-3571'><div class='entry-content-wrapper clearfix'>\n\n<style type=\"text\/css\" data-created_by=\"avia_inline_auto\" id=\"style-css-av-24ox2-0c6e4fc1b0f5c5037c31196d26755020\">\n.flex_column.av-24ox2-0c6e4fc1b0f5c5037c31196d26755020{\nborder-radius:0px 0px 0px 0px;\npadding:0px 0px 0px 0px;\n}\n<\/style>\n<div  class='flex_column av-24ox2-0c6e4fc1b0f5c5037c31196d26755020 av_one_fifth  avia-builder-el-16  el_before_av_three_fifth  avia-builder-el-first  first flex_column_div av-zero-column-padding  '     ><\/div>\n<style type=\"text\/css\" data-created_by=\"avia_inline_auto\" id=\"style-css-av-dowpq-847597f5e4531b981529513c2bbfed2c\">\n.flex_column.av-dowpq-847597f5e4531b981529513c2bbfed2c{\nborder-width:1px;\nborder-color:#222222;\nborder-style:solid;\nborder-radius:10px 10px 10px 10px;\npadding:30px 0px 30px 0px;\nbackground-color:#fcfcfc;\n}\n<\/style>\n<div  class='flex_column av-dowpq-847597f5e4531b981529513c2bbfed2c av_three_fifth  avia-builder-el-17  el_after_av_one_fifth  el_before_av_one_fifth  flex_column_div  '     ><p>\n<style type=\"text\/css\" data-created_by=\"avia_inline_auto\" id=\"style-css-av-ji5e52mn-2e1b5cc33c28e888ab7748433a3ce0e9\">\n#top .av-rotator-container.av-ji5e52mn-2e1b5cc33c28e888ab7748433a3ce0e9{\ntext-align:center;\nmargin:0 0 10px 0;\n}\n<\/style>\n<div  class='av-rotator-container av-rotation-container-center av-ji5e52mn-2e1b5cc33c28e888ab7748433a3ce0e9  avia-builder-el-18  el_before_av_button  avia-builder-el-first  av-fixed-rotator-width' data-interval='5' data-animation='1' data-fixWidth='1'><h3 class='av-rotator-container-inner'>Se hai bisogno di maggiori informazioni,<span class='av-rotator-text av-rotator-multiline-on'>\n<span class='av-rotator-text-single av-4gl3s4-c817442f0274390e7f593f41f01f9d28 av-rotator-text-single-1' >per favore,<\/span>\n<span class='av-rotator-text-single av-323z44-7294e5b6b346cac56ec317c3d92c908a av-rotator-text-single-2' >Contattaci!<\/span>\n<\/span><\/h3><\/div><br \/>\n<div  class='avia-button-wrap av-amnku-aaf3d9fd61f2e4ed5d17e6617151b683-wrap avia-button-center  avia-builder-el-19  el_after_av_headline_rotator  avia-builder-el-last '><a href='https:\/\/www.abaccointernational.es\/it\/contattaci\/'  class='avia-button av-amnku-aaf3d9fd61f2e4ed5d17e6617151b683 av-link-btn avia-icon_select-yes-left-icon avia-size-large avia-position-center avia-color-theme-color'   aria-label=\"Contatto\"><span class='avia_button_icon avia_button_icon_left avia-iconfont avia-font-entypo-fontello' data-av_icon='\ue805' data-av_iconfont='entypo-fontello' ><\/span><span class='avia_iconbox_title' >Contatto<\/span><\/a><\/div><\/p><\/div>\n<style type=\"text\/css\" data-created_by=\"avia_inline_auto\" id=\"style-css-av-b43ny-5ac5edbc5a21bd9e476e3f22c3b80750\">\n.flex_column.av-b43ny-5ac5edbc5a21bd9e476e3f22c3b80750{\nborder-radius:0px 0px 0px 0px;\npadding:0px 0px 0px 0px;\n}\n<\/style>\n<div  class='flex_column av-b43ny-5ac5edbc5a21bd9e476e3f22c3b80750 av_one_fifth  avia-builder-el-20  el_after_av_three_fifth  avia-builder-el-last  flex_column_div av-zero-column-padding  '     ><\/div>\n<\/div><\/div><\/div><!-- close content main div --><\/div><\/div><div id='after_section_3'  class='main_color av_default_container_wrap container_wrap sidebar_right'  ><div class='container av-section-cont-open' ><div class='template-page content  av-content-small alpha units'><div class='post-entry post-entry-type-page post-entry-3571'><div class='entry-content-wrapper clearfix'>\n","protected":false},"excerpt":{"rendered":"","protected":false},"author":1,"featured_media":3573,"comment_status":"open","ping_status":"closed","template":"","meta":{"footnotes":""},"tags":[],"portfolio_entries":[116],"class_list":["post-3571","portfolio","type-portfolio","status-publish","has-post-thumbnail","hentry","portfolio_entries-portogallo"],"yoast_head":"<!-- This site is optimized with the Yoast SEO plugin v27.4 - https:\/\/yoast.com\/product\/yoast-seo-wordpress\/ -->\n<title>Oporto - Abacco International<\/title>\n<meta name=\"description\" content=\"Abacco International is your Porto DMC catering for your customized groups. Choose a specialist to take care of your trips to Porto!\" \/>\n<meta name=\"robots\" content=\"index, follow, max-snippet:-1, max-image-preview:large, max-video-preview:-1\" \/>\n<link rel=\"canonical\" href=\"https:\/\/www.abaccointernational.es\/it\/trip\/oporto\/\" \/>\n<meta property=\"og:locale\" content=\"it_IT\" \/>\n<meta property=\"og:type\" content=\"article\" \/>\n<meta property=\"og:title\" content=\"Oporto - Abacco International\" \/>\n<meta property=\"og:description\" content=\"Abacco International is your Porto DMC catering for your customized groups. Choose a specialist to take care of your trips to Porto!\" \/>\n<meta property=\"og:url\" content=\"https:\/\/www.abaccointernational.es\/it\/trip\/oporto\/\" \/>\n<meta property=\"og:site_name\" content=\"Abacco International\" \/>\n<meta property=\"article:modified_time\" content=\"2019-02-27T23:49:11+00:00\" \/>\n<meta property=\"og:image\" content=\"https:\/\/www.abaccointernational.es\/wp-content\/uploads\/2018\/07\/Porto-Portugal-night-vision.jpg\" \/>\n\t<meta property=\"og:image:width\" content=\"845\" \/>\n\t<meta property=\"og:image:height\" content=\"684\" \/>\n\t<meta property=\"og:image:type\" content=\"image\/jpeg\" \/>\n<meta name=\"twitter:card\" content=\"summary_large_image\" \/>\n<meta name=\"twitter:label1\" content=\"Tempo di lettura stimato\" \/>\n\t<meta name=\"twitter:data1\" content=\"11 minuti\" \/>\n<script type=\"application\/ld+json\" class=\"yoast-schema-graph\">{\"@context\":\"https:\\\/\\\/schema.org\",\"@graph\":[{\"@type\":\"WebPage\",\"@id\":\"https:\\\/\\\/www.abaccointernational.es\\\/it\\\/trip\\\/oporto\\\/\",\"url\":\"https:\\\/\\\/www.abaccointernational.es\\\/it\\\/trip\\\/oporto\\\/\",\"name\":\"Oporto - Abacco International\",\"isPartOf\":{\"@id\":\"https:\\\/\\\/www.abaccointernational.es\\\/#website\"},\"primaryImageOfPage\":{\"@id\":\"https:\\\/\\\/www.abaccointernational.es\\\/it\\\/trip\\\/oporto\\\/#primaryimage\"},\"image\":{\"@id\":\"https:\\\/\\\/www.abaccointernational.es\\\/it\\\/trip\\\/oporto\\\/#primaryimage\"},\"thumbnailUrl\":\"https:\\\/\\\/www.abaccointernational.es\\\/wp-content\\\/uploads\\\/2018\\\/07\\\/Porto-Portugal-night-vision.jpg\",\"datePublished\":\"2018-07-16T22:57:00+00:00\",\"dateModified\":\"2019-02-27T23:49:11+00:00\",\"description\":\"Abacco International is your Porto DMC catering for your customized groups. Choose a specialist to take care of your trips to Porto!\",\"breadcrumb\":{\"@id\":\"https:\\\/\\\/www.abaccointernational.es\\\/it\\\/trip\\\/oporto\\\/#breadcrumb\"},\"inLanguage\":\"it-IT\",\"potentialAction\":[{\"@type\":\"ReadAction\",\"target\":[\"https:\\\/\\\/www.abaccointernational.es\\\/it\\\/trip\\\/oporto\\\/\"]}]},{\"@type\":\"ImageObject\",\"inLanguage\":\"it-IT\",\"@id\":\"https:\\\/\\\/www.abaccointernational.es\\\/it\\\/trip\\\/oporto\\\/#primaryimage\",\"url\":\"https:\\\/\\\/www.abaccointernational.es\\\/wp-content\\\/uploads\\\/2018\\\/07\\\/Porto-Portugal-night-vision.jpg\",\"contentUrl\":\"https:\\\/\\\/www.abaccointernational.es\\\/wp-content\\\/uploads\\\/2018\\\/07\\\/Porto-Portugal-night-vision.jpg\",\"width\":845,\"height\":684},{\"@type\":\"BreadcrumbList\",\"@id\":\"https:\\\/\\\/www.abaccointernational.es\\\/it\\\/trip\\\/oporto\\\/#breadcrumb\",\"itemListElement\":[{\"@type\":\"ListItem\",\"position\":1,\"name\":\"Home\",\"item\":\"https:\\\/\\\/www.abaccointernational.es\\\/it\\\/\"},{\"@type\":\"ListItem\",\"position\":2,\"name\":\"Oporto\"}]},{\"@type\":\"WebSite\",\"@id\":\"https:\\\/\\\/www.abaccointernational.es\\\/#website\",\"url\":\"https:\\\/\\\/www.abaccointernational.es\\\/\",\"name\":\"Abacco International\",\"description\":\"DMC for Spain And Portugal\",\"potentialAction\":[{\"@type\":\"SearchAction\",\"target\":{\"@type\":\"EntryPoint\",\"urlTemplate\":\"https:\\\/\\\/www.abaccointernational.es\\\/?s={search_term_string}\"},\"query-input\":{\"@type\":\"PropertyValueSpecification\",\"valueRequired\":true,\"valueName\":\"search_term_string\"}}],\"inLanguage\":\"it-IT\"}]}<\/script>\n<!-- \/ Yoast SEO plugin. -->","yoast_head_json":{"title":"Oporto - Abacco International","description":"Abacco International is your Porto DMC catering for your customized groups. Choose a specialist to take care of your trips to Porto!","robots":{"index":"index","follow":"follow","max-snippet":"max-snippet:-1","max-image-preview":"max-image-preview:large","max-video-preview":"max-video-preview:-1"},"canonical":"https:\/\/www.abaccointernational.es\/it\/trip\/oporto\/","og_locale":"it_IT","og_type":"article","og_title":"Oporto - Abacco International","og_description":"Abacco International is your Porto DMC catering for your customized groups. Choose a specialist to take care of your trips to Porto!","og_url":"https:\/\/www.abaccointernational.es\/it\/trip\/oporto\/","og_site_name":"Abacco International","article_modified_time":"2019-02-27T23:49:11+00:00","og_image":[{"width":845,"height":684,"url":"https:\/\/www.abaccointernational.es\/wp-content\/uploads\/2018\/07\/Porto-Portugal-night-vision.jpg","type":"image\/jpeg"}],"twitter_card":"summary_large_image","twitter_misc":{"Tempo di lettura stimato":"11 minuti"},"schema":{"@context":"https:\/\/schema.org","@graph":[{"@type":"WebPage","@id":"https:\/\/www.abaccointernational.es\/it\/trip\/oporto\/","url":"https:\/\/www.abaccointernational.es\/it\/trip\/oporto\/","name":"Oporto - Abacco International","isPartOf":{"@id":"https:\/\/www.abaccointernational.es\/#website"},"primaryImageOfPage":{"@id":"https:\/\/www.abaccointernational.es\/it\/trip\/oporto\/#primaryimage"},"image":{"@id":"https:\/\/www.abaccointernational.es\/it\/trip\/oporto\/#primaryimage"},"thumbnailUrl":"https:\/\/www.abaccointernational.es\/wp-content\/uploads\/2018\/07\/Porto-Portugal-night-vision.jpg","datePublished":"2018-07-16T22:57:00+00:00","dateModified":"2019-02-27T23:49:11+00:00","description":"Abacco International is your Porto DMC catering for your customized groups. Choose a specialist to take care of your trips to Porto!","breadcrumb":{"@id":"https:\/\/www.abaccointernational.es\/it\/trip\/oporto\/#breadcrumb"},"inLanguage":"it-IT","potentialAction":[{"@type":"ReadAction","target":["https:\/\/www.abaccointernational.es\/it\/trip\/oporto\/"]}]},{"@type":"ImageObject","inLanguage":"it-IT","@id":"https:\/\/www.abaccointernational.es\/it\/trip\/oporto\/#primaryimage","url":"https:\/\/www.abaccointernational.es\/wp-content\/uploads\/2018\/07\/Porto-Portugal-night-vision.jpg","contentUrl":"https:\/\/www.abaccointernational.es\/wp-content\/uploads\/2018\/07\/Porto-Portugal-night-vision.jpg","width":845,"height":684},{"@type":"BreadcrumbList","@id":"https:\/\/www.abaccointernational.es\/it\/trip\/oporto\/#breadcrumb","itemListElement":[{"@type":"ListItem","position":1,"name":"Home","item":"https:\/\/www.abaccointernational.es\/it\/"},{"@type":"ListItem","position":2,"name":"Oporto"}]},{"@type":"WebSite","@id":"https:\/\/www.abaccointernational.es\/#website","url":"https:\/\/www.abaccointernational.es\/","name":"Abacco International","description":"DMC for Spain And Portugal","potentialAction":[{"@type":"SearchAction","target":{"@type":"EntryPoint","urlTemplate":"https:\/\/www.abaccointernational.es\/?s={search_term_string}"},"query-input":{"@type":"PropertyValueSpecification","valueRequired":true,"valueName":"search_term_string"}}],"inLanguage":"it-IT"}]}},"_links":{"self":[{"href":"https:\/\/www.abaccointernational.es\/it\/wp-json\/wp\/v2\/portfolio\/3571","targetHints":{"allow":["GET"]}}],"collection":[{"href":"https:\/\/www.abaccointernational.es\/it\/wp-json\/wp\/v2\/portfolio"}],"about":[{"href":"https:\/\/www.abaccointernational.es\/it\/wp-json\/wp\/v2\/types\/portfolio"}],"author":[{"embeddable":true,"href":"https:\/\/www.abaccointernational.es\/it\/wp-json\/wp\/v2\/users\/1"}],"replies":[{"embeddable":true,"href":"https:\/\/www.abaccointernational.es\/it\/wp-json\/wp\/v2\/comments?post=3571"}],"version-history":[{"count":1,"href":"https:\/\/www.abaccointernational.es\/it\/wp-json\/wp\/v2\/portfolio\/3571\/revisions"}],"predecessor-version":[{"id":3581,"href":"https:\/\/www.abaccointernational.es\/it\/wp-json\/wp\/v2\/portfolio\/3571\/revisions\/3581"}],"wp:featuredmedia":[{"embeddable":true,"href":"https:\/\/www.abaccointernational.es\/it\/wp-json\/wp\/v2\/media\/3573"}],"wp:attachment":[{"href":"https:\/\/www.abaccointernational.es\/it\/wp-json\/wp\/v2\/media?parent=3571"}],"wp:term":[{"taxonomy":"post_tag","embeddable":true,"href":"https:\/\/www.abaccointernational.es\/it\/wp-json\/wp\/v2\/tags?post=3571"},{"taxonomy":"portfolio_entries","embeddable":true,"href":"https:\/\/www.abaccointernational.es\/it\/wp-json\/wp\/v2\/portfolio_entries?post=3571"}],"curies":[{"name":"wp","href":"https:\/\/api.w.org\/{rel}","templated":true}]}}