{"id":3292,"date":"2016-03-07T15:12:06","date_gmt":"2016-03-07T15:12:06","guid":{"rendered":"https:\/\/www.abaccointernational.es\/our-specialties\/"},"modified":"2019-01-31T23:12:02","modified_gmt":"2019-01-31T22:12:02","slug":"le-nostre-specialita","status":"publish","type":"page","link":"https:\/\/www.abaccointernational.es\/it\/le-nostre-specialita\/","title":{"rendered":"LE NOSTRE SPECIALIT\u00c0"},"content":{"rendered":"\n<style type=\"text\/css\" data-created_by=\"avia_inline_auto\" id=\"style-css-av-jrl6blbl-ace51c30634c59bd83dc76000628ca16\">\n#top .av-special-heading.av-jrl6blbl-ace51c30634c59bd83dc76000628ca16{\npadding-bottom:10px;\nfont-size:34px;\n}\nbody .av-special-heading.av-jrl6blbl-ace51c30634c59bd83dc76000628ca16 .av-special-heading-tag .heading-char{\nfont-size:25px;\n}\n#top #wrap_all .av-special-heading.av-jrl6blbl-ace51c30634c59bd83dc76000628ca16 .av-special-heading-tag{\nfont-size:34px;\n}\n.av-special-heading.av-jrl6blbl-ace51c30634c59bd83dc76000628ca16 .av-subheading{\nfont-size:15px;\n}\n\n@media only screen and (min-width: 480px) and (max-width: 767px){ \n#top #wrap_all .av-special-heading.av-jrl6blbl-ace51c30634c59bd83dc76000628ca16 .av-special-heading-tag{\nfont-size:0.8em;\n}\n}\n\n@media only screen and (max-width: 479px){ \n#top #wrap_all .av-special-heading.av-jrl6blbl-ace51c30634c59bd83dc76000628ca16 .av-special-heading-tag{\nfont-size:0.8em;\n}\n}\n<\/style>\n<div  class='av-special-heading av-jrl6blbl-ace51c30634c59bd83dc76000628ca16 av-special-heading-h1 meta-heading blockquote modern-quote modern-centered  avia-builder-el-0  el_before_av_font_icon  avia-builder-el-first  av-inherit-size'><h1 class='av-special-heading-tag '  itemprop=\"headline\"  >Le nostre specialit\u00e0<\/h1><div class='av-subheading av-subheading_below'><p>Viaggi su misura per Gruppi in Spagna e Portogallo<\/p>\n<\/div><div class=\"special-heading-border\"><div class=\"special-heading-inner-border\"><\/div><\/div><\/div>\n\n<style type=\"text\/css\" data-created_by=\"avia_inline_auto\" id=\"style-css-av-ji3qs52x-3cae6a4b9c70aa0b658df881236a6f31\">\n.av_font_icon.av-ji3qs52x-3cae6a4b9c70aa0b658df881236a6f31{\ncolor:#333333;\nborder-color:#333333;\n}\n.avia-svg-icon.av-ji3qs52x-3cae6a4b9c70aa0b658df881236a6f31 svg:first-child{\nstroke:#333333;\nfill:#333333;\n}\n.av_font_icon.av-ji3qs52x-3cae6a4b9c70aa0b658df881236a6f31 .av-icon-char{\nfont-size:34px;\nline-height:34px;\n}\n<\/style>\n<span  class='av_font_icon av-ji3qs52x-3cae6a4b9c70aa0b658df881236a6f31 avia_animate_when_visible av-icon-style- avia-icon-pos-center avia-iconfont avia-font-entypo-fontello avia-icon-animate'><span class='av-icon-char' data-av_icon='\ue845' data-av_iconfont='entypo-fontello' aria-hidden=\"true\" ><\/span><\/span>\n<section  class='av_textblock_section av-jjbb3j33-79722c7986653bfd60c6abcbbc7578b6 '   itemscope=\"itemscope\" itemtype=\"https:\/\/schema.org\/CreativeWork\" ><div class='avia_textblock'  itemprop=\"text\" ><p style=\"text-align: center;\">Gruppi turistici in Spagna, Circuiti Culturali in Portogallo, Viaggi a Tema, Incentive, Gruppi di Studenti, Pellegrinaggi\u2026<\/p>\n<p style=\"text-align: center;\">Siamo bravi a fare quello che amiamo fare\u2026 Ed amiamo creare programmi su misura!<\/p>\n<p style=\"text-align: center;\">Le nostre destinazioni principali rimangono la Spagna ed il Portogallo, a volte abbinate al Sud della Francia o il Marocco.<\/p>\n<p style=\"text-align: center;\">Nel corso degli anni, abbiamo sviluppato una profonda conoscenza delle necessit\u00e0 dei clienti in base alle loro nazionalit\u00e0. Conosciamo particolarmente bene i clienti Italiani e siamo in grado di soddisfare anche le richieste pi\u00fa esigenti.<\/p>\n<\/div><\/section>\n<div  id=\"av-sc-portfolio-1\"  class=' grid-sort-container isotope   no_margin-container with-title-container grid-total-even grid-col-3 grid-links-' data-portfolio-id='1'><div data-ajax-id='3299' class=' grid-entry flex_column isotope-item all_sort no_margin post-entry post-entry-3299 grid-entry-overview grid-loop-1 grid-parity-odd  le-nostre-specialita_sort  av_one_third first default_av_fullwidth '><article class='main_color inner-entry'  itemscope=\"itemscope\" itemtype=\"https:\/\/schema.org\/CreativeWork\" ><a href=\"https:\/\/www.abaccointernational.es\/it\/trip\/viaggi-su-misura\/\" title='Viaggi su misura'  data-rel='grid-1' class='grid-image avia-hover-fx'> <img decoding=\"async\" fetchpriority=\"high\" width=\"710\" height=\"375\" src=\"https:\/\/www.abaccointernational.es\/wp-content\/uploads\/2018\/07\/Tailor-made-Travel-Abacco-International-03-710x375.jpg\" class=\"wp-image-3301 avia-img-lazy-loading-not-3301 attachment-magazine size-magazine wp-post-image\" alt=\"Viaggi su misura per la Spagna e il Portogallo. Abacco International\" \/><\/a><div class='grid-content'><div class='avia-arrow'><\/div><header class=\"entry-content-header\" aria-label=\"Portfolio: Viaggi su misura\"><h3 class='grid-entry-title entry-title '  itemprop=\"headline\" ><a href='https:\/\/www.abaccointernational.es\/it\/trip\/viaggi-su-misura\/' title='Viaggi su misura'>Viaggi su misura<\/a><\/h3><\/header><\/div><footer class=\"entry-footer\"><\/footer><\/article><\/div><div data-ajax-id='3312' class=' grid-entry flex_column isotope-item all_sort no_margin post-entry post-entry-3312 grid-entry-overview grid-loop-2 grid-parity-even  le-nostre-specialita_sort  av_one_third  default_av_fullwidth '><article class='main_color inner-entry'  itemscope=\"itemscope\" itemtype=\"https:\/\/schema.org\/CreativeWork\" ><a href=\"https:\/\/www.abaccointernational.es\/it\/trip\/gruppi-turistici\/\" title='Gruppi Turistici'  data-rel='grid-1' class='grid-image avia-hover-fx'> <img decoding=\"async\" fetchpriority=\"high\" width=\"710\" height=\"375\" src=\"https:\/\/www.abaccointernational.es\/wp-content\/uploads\/2018\/06\/Tourist-Group-Abacco-International-01-710x375.jpg\" class=\"wp-image-3313 avia-img-lazy-loading-not-3313 attachment-magazine size-magazine wp-post-image\" alt=\"Gruppi turistici in Portogallo e Spagna. Abacco International\" \/><\/a><div class='grid-content'><div class='avia-arrow'><\/div><header class=\"entry-content-header\" aria-label=\"Portfolio: Gruppi Turistici\"><h3 class='grid-entry-title entry-title '  itemprop=\"headline\" ><a href='https:\/\/www.abaccointernational.es\/it\/trip\/gruppi-turistici\/' title='Gruppi Turistici'>Gruppi Turistici<\/a><\/h3><\/header><\/div><footer class=\"entry-footer\"><\/footer><\/article><\/div><div data-ajax-id='3339' class=' grid-entry flex_column isotope-item all_sort no_margin post-entry post-entry-3339 grid-entry-overview grid-loop-3 grid-parity-odd  le-nostre-specialita_sort  av_one_third  default_av_fullwidth '><article class='main_color inner-entry'  itemscope=\"itemscope\" itemtype=\"https:\/\/schema.org\/CreativeWork\" ><a href=\"https:\/\/www.abaccointernational.es\/it\/trip\/circuiti-culturali\/\" title='Circuiti Culturali'  data-rel='grid-1' class='grid-image avia-hover-fx'> <img decoding=\"async\" fetchpriority=\"high\" width=\"710\" height=\"375\" src=\"https:\/\/www.abaccointernational.es\/wp-content\/uploads\/2018\/07\/Cultural-Groups-Abacco-International-01-710x375.jpg\" class=\"wp-image-3340 avia-img-lazy-loading-not-3340 attachment-magazine size-magazine wp-post-image\" alt=\"Circuiti Culturali. Abacco International\" \/><\/a><div class='grid-content'><div class='avia-arrow'><\/div><header class=\"entry-content-header\" aria-label=\"Portfolio: Circuiti Culturali\"><h3 class='grid-entry-title entry-title '  itemprop=\"headline\" ><a href='https:\/\/www.abaccointernational.es\/it\/trip\/circuiti-culturali\/' title='Circuiti Culturali'>Circuiti Culturali<\/a><\/h3><\/header><\/div><footer class=\"entry-footer\"><\/footer><\/article><\/div><div data-ajax-id='3348' class=' grid-entry flex_column isotope-item all_sort no_margin post-entry post-entry-3348 grid-entry-overview grid-loop-4 grid-parity-even  le-nostre-specialita_sort  av_one_third first default_av_fullwidth '><article class='main_color inner-entry'  itemscope=\"itemscope\" itemtype=\"https:\/\/schema.org\/CreativeWork\" ><a href=\"https:\/\/www.abaccointernational.es\/it\/trip\/viaggi-a-tema\/\" title='Viaggi a Tema'  data-rel='grid-1' class='grid-image avia-hover-fx'> <img decoding=\"async\" fetchpriority=\"high\" width=\"710\" height=\"375\" src=\"https:\/\/www.abaccointernational.es\/wp-content\/uploads\/2018\/07\/Theme-Tours-Abacco-International-03-710x375.jpg\" class=\"wp-image-3350 avia-img-lazy-loading-not-3350 attachment-magazine size-magazine wp-post-image\" alt=\"\" \/><\/a><div class='grid-content'><div class='avia-arrow'><\/div><header class=\"entry-content-header\" aria-label=\"Portfolio: Viaggi a Tema\"><h3 class='grid-entry-title entry-title '  itemprop=\"headline\" ><a href='https:\/\/www.abaccointernational.es\/it\/trip\/viaggi-a-tema\/' title='Viaggi a Tema'>Viaggi a Tema<\/a><\/h3><\/header><\/div><footer class=\"entry-footer\"><\/footer><\/article><\/div><div data-ajax-id='3353' class=' grid-entry flex_column isotope-item all_sort no_margin post-entry post-entry-3353 grid-entry-overview grid-loop-5 grid-parity-odd  le-nostre-specialita_sort  av_one_third  default_av_fullwidth '><article class='main_color inner-entry'  itemscope=\"itemscope\" itemtype=\"https:\/\/schema.org\/CreativeWork\" ><a href=\"https:\/\/www.abaccointernational.es\/it\/trip\/incentive\/\" title='Incentive'  data-rel='grid-1' class='grid-image avia-hover-fx'> <img decoding=\"async\" fetchpriority=\"high\" width=\"710\" height=\"375\" src=\"https:\/\/www.abaccointernational.es\/wp-content\/uploads\/2018\/06\/Incentive-Travel-Abacco-International-01-710x375.jpg\" class=\"wp-image-3354 avia-img-lazy-loading-not-3354 attachment-magazine size-magazine wp-post-image\" alt=\"\" \/><\/a><div class='grid-content'><div class='avia-arrow'><\/div><header class=\"entry-content-header\" aria-label=\"Portfolio: Incentive\"><h3 class='grid-entry-title entry-title '  itemprop=\"headline\" ><a href='https:\/\/www.abaccointernational.es\/it\/trip\/incentive\/' title='Incentive'>Incentive<\/a><\/h3><\/header><\/div><footer class=\"entry-footer\"><\/footer><\/article><\/div><div data-ajax-id='3358' class=' grid-entry flex_column isotope-item all_sort no_margin post-entry post-entry-3358 grid-entry-overview grid-loop-6 grid-parity-even  le-nostre-specialita_sort  av_one_third  default_av_fullwidth '><article class='main_color inner-entry'  itemscope=\"itemscope\" itemtype=\"https:\/\/schema.org\/CreativeWork\" ><a href=\"https:\/\/www.abaccointernational.es\/it\/trip\/eventi\/\" title='Eventi'  data-rel='grid-1' class='grid-image avia-hover-fx'> <img decoding=\"async\" fetchpriority=\"high\" width=\"710\" height=\"375\" src=\"https:\/\/www.abaccointernational.es\/wp-content\/uploads\/2018\/06\/Event-Groups-Abacco-International-02-710x375.jpg\" class=\"wp-image-3360 avia-img-lazy-loading-not-3360 attachment-magazine size-magazine wp-post-image\" alt=\"\" \/><\/a><div class='grid-content'><div class='avia-arrow'><\/div><header class=\"entry-content-header\" aria-label=\"Portfolio: Eventi\"><h3 class='grid-entry-title entry-title '  itemprop=\"headline\" ><a href='https:\/\/www.abaccointernational.es\/it\/trip\/eventi\/' title='Eventi'>Eventi<\/a><\/h3><\/header><\/div><footer class=\"entry-footer\"><\/footer><\/article><\/div><div data-ajax-id='3370' class=' grid-entry flex_column isotope-item all_sort no_margin post-entry post-entry-3370 grid-entry-overview grid-loop-7 grid-parity-odd  le-nostre-specialita_sort  av_one_third first default_av_fullwidth '><article class='main_color inner-entry'  itemscope=\"itemscope\" itemtype=\"https:\/\/schema.org\/CreativeWork\" ><a href=\"https:\/\/www.abaccointernational.es\/it\/trip\/pellegrinaggi-e-viaggi-religiosi\/\" title='Pellegrinaggi e Viaggi religiosi'  data-rel='grid-1' class='grid-image avia-hover-fx'> <img decoding=\"async\" fetchpriority=\"high\" width=\"710\" height=\"375\" src=\"https:\/\/www.abaccointernational.es\/wp-content\/uploads\/2018\/07\/Pilgrimages-Religious-Tours-Abacco-International-03-710x375.jpg\" class=\"wp-image-3372 avia-img-lazy-loading-not-3372 attachment-magazine size-magazine wp-post-image\" alt=\"\" \/><\/a><div class='grid-content'><div class='avia-arrow'><\/div><header class=\"entry-content-header\" aria-label=\"Portfolio: Pellegrinaggi e Viaggi religiosi\"><h3 class='grid-entry-title entry-title '  itemprop=\"headline\" ><a href='https:\/\/www.abaccointernational.es\/it\/trip\/pellegrinaggi-e-viaggi-religiosi\/' title='Pellegrinaggi e Viaggi religiosi'>Pellegrinaggi e Viaggi religiosi<\/a><\/h3><\/header><\/div><footer class=\"entry-footer\"><\/footer><\/article><\/div><div data-ajax-id='3375' class=' grid-entry flex_column isotope-item all_sort no_margin post-entry post-entry-3375 grid-entry-overview grid-loop-8 grid-parity-even  le-nostre-specialita_sort  av_one_third  default_av_fullwidth '><article class='main_color inner-entry'  itemscope=\"itemscope\" itemtype=\"https:\/\/schema.org\/CreativeWork\" ><a href=\"https:\/\/www.abaccointernational.es\/it\/trip\/gruppi-di-studenti\/\" title='Gruppi di Studenti'  data-rel='grid-1' class='grid-image avia-hover-fx'> <img decoding=\"async\" fetchpriority=\"high\" width=\"710\" height=\"375\" src=\"https:\/\/www.abaccointernational.es\/wp-content\/uploads\/2018\/06\/Student-Groups-Abacco-International-01-710x375.jpg\" class=\"wp-image-3376 avia-img-lazy-loading-not-3376 attachment-magazine size-magazine wp-post-image\" alt=\"\" \/><\/a><div class='grid-content'><div class='avia-arrow'><\/div><header class=\"entry-content-header\" aria-label=\"Portfolio: Gruppi di Studenti\"><h3 class='grid-entry-title entry-title '  itemprop=\"headline\" ><a href='https:\/\/www.abaccointernational.es\/it\/trip\/gruppi-di-studenti\/' title='Gruppi di Studenti'>Gruppi di Studenti<\/a><\/h3><\/header><\/div><footer class=\"entry-footer\"><\/footer><\/article><\/div><div data-ajax-id='3380' class=' grid-entry flex_column isotope-item all_sort no_margin post-entry post-entry-3380 grid-entry-overview grid-loop-9 grid-parity-odd  le-nostre-specialita_sort  av_one_third  default_av_fullwidth '><article class='main_color inner-entry'  itemscope=\"itemscope\" itemtype=\"https:\/\/schema.org\/CreativeWork\" ><a href=\"https:\/\/www.abaccointernational.es\/it\/trip\/business-travel\/\" title='Business Travel'  data-rel='grid-1' class='grid-image avia-hover-fx'> <img decoding=\"async\" fetchpriority=\"high\" width=\"710\" height=\"375\" src=\"https:\/\/www.abaccointernational.es\/wp-content\/uploads\/2018\/06\/Business-Travel-Abacco-International-02-710x375.jpg\" class=\"wp-image-3382 avia-img-lazy-loading-not-3382 attachment-magazine size-magazine wp-post-image\" alt=\"Viaggi d&#039;affari a Barcellona\" \/><\/a><div class='grid-content'><div class='avia-arrow'><\/div><header class=\"entry-content-header\" aria-label=\"Portfolio: Business Travel\"><h3 class='grid-entry-title entry-title '  itemprop=\"headline\" ><a href='https:\/\/www.abaccointernational.es\/it\/trip\/business-travel\/' title='Business Travel'>Business Travel<\/a><\/h3><\/header><\/div><footer class=\"entry-footer\"><\/footer><\/article><\/div><div data-ajax-id='3385' class=' grid-entry flex_column isotope-item all_sort no_margin post-entry post-entry-3385 grid-entry-overview grid-loop-10 grid-parity-even  post-entry-last  le-nostre-specialita_sort  av_one_third first default_av_fullwidth '><article class='main_color inner-entry'  itemscope=\"itemscope\" itemtype=\"https:\/\/schema.org\/CreativeWork\" ><a href=\"https:\/\/www.abaccointernational.es\/it\/trip\/individuali\/\" title='Individuali'  data-rel='grid-1' class='grid-image avia-hover-fx'> <img decoding=\"async\" fetchpriority=\"high\" width=\"710\" height=\"375\" src=\"https:\/\/www.abaccointernational.es\/wp-content\/uploads\/2018\/07\/Individual-Travel-Abacco-International-02-710x375.jpg\" class=\"wp-image-3387 avia-img-lazy-loading-not-3387 attachment-magazine size-magazine wp-post-image\" alt=\"\" \/><\/a><div class='grid-content'><div class='avia-arrow'><\/div><header class=\"entry-content-header\" aria-label=\"Portfolio: Individuali\"><h3 class='grid-entry-title entry-title '  itemprop=\"headline\" ><a href='https:\/\/www.abaccointernational.es\/it\/trip\/individuali\/' title='Individuali'>Individuali<\/a><\/h3><\/header><\/div><footer class=\"entry-footer\"><\/footer><\/article><\/div><\/div>\n\n<style type=\"text\/css\" data-created_by=\"avia_inline_auto\" id=\"style-css-av-ji5dvu09-795a841ceb380f75ff7a4276b10dc773\">\n.avia-section.av-ji5dvu09-795a841ceb380f75ff7a4276b10dc773{\nbackground-color:#f9f9f9;\nbackground-image:url(https:\/\/www.abaccointernational.es\/wp-content\/uploads\/2018\/09\/pattern-mail-80x80.png);\nbackground-repeat:repeat;\nbackground-position:0% 0%;\nbackground-attachment:scroll;\n}\n<\/style>\n<div id='av_section_1'  class='avia-section av-ji5dvu09-795a841ceb380f75ff7a4276b10dc773 main_color avia-section-default avia-no-border-styling  avia-builder-el-4  el_after_av_portfolio  avia-builder-el-last  avia-bg-style-scroll container_wrap sidebar_right'  data-section-bg-repeat='repeat'><div class='container av-section-cont-open' ><div class='template-page content  av-content-small alpha units'><div class='post-entry post-entry-type-page post-entry-3292'><div class='entry-content-wrapper clearfix'>\n\n<style type=\"text\/css\" data-created_by=\"avia_inline_auto\" id=\"style-css-av-24ox2-0c6e4fc1b0f5c5037c31196d26755020\">\n.flex_column.av-24ox2-0c6e4fc1b0f5c5037c31196d26755020{\nborder-radius:0px 0px 0px 0px;\npadding:0px 0px 0px 0px;\n}\n<\/style>\n<div  class='flex_column av-24ox2-0c6e4fc1b0f5c5037c31196d26755020 av_one_fifth  avia-builder-el-5  el_before_av_three_fifth  avia-builder-el-first  first flex_column_div av-zero-column-padding  '     ><\/div>\n<style type=\"text\/css\" data-created_by=\"avia_inline_auto\" id=\"style-css-av-dowpq-847597f5e4531b981529513c2bbfed2c\">\n.flex_column.av-dowpq-847597f5e4531b981529513c2bbfed2c{\nborder-width:1px;\nborder-color:#222222;\nborder-style:solid;\nborder-radius:10px 10px 10px 10px;\npadding:30px 0px 30px 0px;\nbackground-color:#fcfcfc;\n}\n<\/style>\n<div  class='flex_column av-dowpq-847597f5e4531b981529513c2bbfed2c av_three_fifth  avia-builder-el-6  el_after_av_one_fifth  el_before_av_one_fifth  flex_column_div  '     ><p>\n<style type=\"text\/css\" data-created_by=\"avia_inline_auto\" id=\"style-css-av-ji5e52mn-2e1b5cc33c28e888ab7748433a3ce0e9\">\n#top .av-rotator-container.av-ji5e52mn-2e1b5cc33c28e888ab7748433a3ce0e9{\ntext-align:center;\nmargin:0 0 10px 0;\n}\n<\/style>\n<div  class='av-rotator-container av-rotation-container-center av-ji5e52mn-2e1b5cc33c28e888ab7748433a3ce0e9  avia-builder-el-7  el_before_av_button  avia-builder-el-first  av-fixed-rotator-width' data-interval='5' data-animation='1' data-fixWidth='1'><h3 class='av-rotator-container-inner'>Se hai bisogno di maggiori informazioni,<span class='av-rotator-text av-rotator-multiline-on'>\n<span class='av-rotator-text-single av-4gl3s4-c817442f0274390e7f593f41f01f9d28 av-rotator-text-single-1' >per favore,<\/span>\n<span class='av-rotator-text-single av-323z44-7294e5b6b346cac56ec317c3d92c908a av-rotator-text-single-2' >Contattaci!<\/span>\n<\/span><\/h3><\/div><br \/>\n<div  class='avia-button-wrap av-amnku-aaf3d9fd61f2e4ed5d17e6617151b683-wrap avia-button-center  avia-builder-el-8  el_after_av_headline_rotator  avia-builder-el-last '><a href='https:\/\/www.abaccointernational.es\/it\/contattaci\/'  class='avia-button av-amnku-aaf3d9fd61f2e4ed5d17e6617151b683 av-link-btn avia-icon_select-yes-left-icon avia-size-large avia-position-center avia-color-theme-color'   aria-label=\"Contatto\"><span class='avia_button_icon avia_button_icon_left avia-iconfont avia-font-entypo-fontello' data-av_icon='\ue805' data-av_iconfont='entypo-fontello' ><\/span><span class='avia_iconbox_title' >Contatto<\/span><\/a><\/div><\/p><\/div>\n<style type=\"text\/css\" data-created_by=\"avia_inline_auto\" id=\"style-css-av-b43ny-5ac5edbc5a21bd9e476e3f22c3b80750\">\n.flex_column.av-b43ny-5ac5edbc5a21bd9e476e3f22c3b80750{\nborder-radius:0px 0px 0px 0px;\npadding:0px 0px 0px 0px;\n}\n<\/style>\n<div  class='flex_column av-b43ny-5ac5edbc5a21bd9e476e3f22c3b80750 av_one_fifth  avia-builder-el-9  el_after_av_three_fifth  avia-builder-el-last  flex_column_div av-zero-column-padding  '     ><\/div>\n<\/div><\/div><\/div><!-- close content main div --><\/div><\/div><div id='after_section_1'  class='main_color av_default_container_wrap container_wrap sidebar_right'  ><div class='container av-section-cont-open' ><div class='template-page content  av-content-small alpha units'><div class='post-entry post-entry-type-page post-entry-3292'><div class='entry-content-wrapper clearfix'>\n","protected":false},"excerpt":{"rendered":"","protected":false},"author":1,"featured_media":0,"parent":0,"menu_order":0,"comment_status":"closed","ping_status":"closed","template":"","meta":{"footnotes":""},"class_list":["post-3292","page","type-page","status-publish","hentry"],"yoast_head":"<!-- This site is optimized with the Yoast SEO plugin v27.4 - https:\/\/yoast.com\/product\/yoast-seo-wordpress\/ -->\n<title>LE NOSTRE SPECIALIT\u00c0: Tour Groups to Spain - Abacco International<\/title>\n<meta name=\"description\" content=\"Tour Groups to Spain, Cultural Tours to Portugal, Theme Tours, Incentives, Event groups, Student trips, Religious Tours...\" \/>\n<meta name=\"robots\" content=\"index, follow, max-snippet:-1, max-image-preview:large, max-video-preview:-1\" \/>\n<link rel=\"canonical\" href=\"https:\/\/www.abaccointernational.es\/it\/le-nostre-specialita\/\" \/>\n<meta property=\"og:locale\" content=\"it_IT\" \/>\n<meta property=\"og:type\" content=\"article\" \/>\n<meta property=\"og:title\" content=\"LE NOSTRE SPECIALIT\u00c0: Tour Groups to Spain - Abacco International\" \/>\n<meta property=\"og:description\" content=\"Tour Groups to Spain, Cultural Tours to Portugal, Theme Tours, Incentives, Event groups, Student trips, Religious Tours...\" \/>\n<meta property=\"og:url\" content=\"https:\/\/www.abaccointernational.es\/it\/le-nostre-specialita\/\" \/>\n<meta property=\"og:site_name\" content=\"Abacco International\" \/>\n<meta property=\"article:modified_time\" content=\"2019-01-31T22:12:02+00:00\" \/>\n<meta name=\"twitter:card\" content=\"summary_large_image\" \/>\n<meta name=\"twitter:label1\" content=\"Tempo di lettura stimato\" \/>\n\t<meta name=\"twitter:data1\" content=\"4 minuti\" \/>\n<script type=\"application\/ld+json\" class=\"yoast-schema-graph\">{\"@context\":\"https:\\\/\\\/schema.org\",\"@graph\":[{\"@type\":\"WebPage\",\"@id\":\"https:\\\/\\\/www.abaccointernational.es\\\/it\\\/le-nostre-specialita\\\/\",\"url\":\"https:\\\/\\\/www.abaccointernational.es\\\/it\\\/le-nostre-specialita\\\/\",\"name\":\"LE NOSTRE SPECIALIT\u00c0: Tour Groups to Spain - Abacco International\",\"isPartOf\":{\"@id\":\"https:\\\/\\\/www.abaccointernational.es\\\/#website\"},\"datePublished\":\"2016-03-07T15:12:06+00:00\",\"dateModified\":\"2019-01-31T22:12:02+00:00\",\"description\":\"Tour Groups to Spain, Cultural Tours to Portugal, Theme Tours, Incentives, Event groups, Student trips, Religious Tours...\",\"breadcrumb\":{\"@id\":\"https:\\\/\\\/www.abaccointernational.es\\\/it\\\/le-nostre-specialita\\\/#breadcrumb\"},\"inLanguage\":\"it-IT\",\"potentialAction\":[{\"@type\":\"ReadAction\",\"target\":[\"https:\\\/\\\/www.abaccointernational.es\\\/it\\\/le-nostre-specialita\\\/\"]}]},{\"@type\":\"BreadcrumbList\",\"@id\":\"https:\\\/\\\/www.abaccointernational.es\\\/it\\\/le-nostre-specialita\\\/#breadcrumb\",\"itemListElement\":[{\"@type\":\"ListItem\",\"position\":1,\"name\":\"Home\",\"item\":\"https:\\\/\\\/www.abaccointernational.es\\\/it\\\/\"},{\"@type\":\"ListItem\",\"position\":2,\"name\":\"LE NOSTRE SPECIALIT\u00c0\"}]},{\"@type\":\"WebSite\",\"@id\":\"https:\\\/\\\/www.abaccointernational.es\\\/#website\",\"url\":\"https:\\\/\\\/www.abaccointernational.es\\\/\",\"name\":\"Abacco International\",\"description\":\"DMC for Spain And Portugal\",\"potentialAction\":[{\"@type\":\"SearchAction\",\"target\":{\"@type\":\"EntryPoint\",\"urlTemplate\":\"https:\\\/\\\/www.abaccointernational.es\\\/?s={search_term_string}\"},\"query-input\":{\"@type\":\"PropertyValueSpecification\",\"valueRequired\":true,\"valueName\":\"search_term_string\"}}],\"inLanguage\":\"it-IT\"}]}<\/script>\n<!-- \/ Yoast SEO plugin. -->","yoast_head_json":{"title":"LE NOSTRE SPECIALIT\u00c0: Tour Groups to Spain - Abacco International","description":"Tour Groups to Spain, Cultural Tours to Portugal, Theme Tours, Incentives, Event groups, Student trips, Religious Tours...","robots":{"index":"index","follow":"follow","max-snippet":"max-snippet:-1","max-image-preview":"max-image-preview:large","max-video-preview":"max-video-preview:-1"},"canonical":"https:\/\/www.abaccointernational.es\/it\/le-nostre-specialita\/","og_locale":"it_IT","og_type":"article","og_title":"LE NOSTRE SPECIALIT\u00c0: Tour Groups to Spain - Abacco International","og_description":"Tour Groups to Spain, Cultural Tours to Portugal, Theme Tours, Incentives, Event groups, Student trips, Religious Tours...","og_url":"https:\/\/www.abaccointernational.es\/it\/le-nostre-specialita\/","og_site_name":"Abacco International","article_modified_time":"2019-01-31T22:12:02+00:00","twitter_card":"summary_large_image","twitter_misc":{"Tempo di lettura stimato":"4 minuti"},"schema":{"@context":"https:\/\/schema.org","@graph":[{"@type":"WebPage","@id":"https:\/\/www.abaccointernational.es\/it\/le-nostre-specialita\/","url":"https:\/\/www.abaccointernational.es\/it\/le-nostre-specialita\/","name":"LE NOSTRE SPECIALIT\u00c0: Tour Groups to Spain - Abacco International","isPartOf":{"@id":"https:\/\/www.abaccointernational.es\/#website"},"datePublished":"2016-03-07T15:12:06+00:00","dateModified":"2019-01-31T22:12:02+00:00","description":"Tour Groups to Spain, Cultural Tours to Portugal, Theme Tours, Incentives, Event groups, Student trips, Religious Tours...","breadcrumb":{"@id":"https:\/\/www.abaccointernational.es\/it\/le-nostre-specialita\/#breadcrumb"},"inLanguage":"it-IT","potentialAction":[{"@type":"ReadAction","target":["https:\/\/www.abaccointernational.es\/it\/le-nostre-specialita\/"]}]},{"@type":"BreadcrumbList","@id":"https:\/\/www.abaccointernational.es\/it\/le-nostre-specialita\/#breadcrumb","itemListElement":[{"@type":"ListItem","position":1,"name":"Home","item":"https:\/\/www.abaccointernational.es\/it\/"},{"@type":"ListItem","position":2,"name":"LE NOSTRE SPECIALIT\u00c0"}]},{"@type":"WebSite","@id":"https:\/\/www.abaccointernational.es\/#website","url":"https:\/\/www.abaccointernational.es\/","name":"Abacco International","description":"DMC for Spain And Portugal","potentialAction":[{"@type":"SearchAction","target":{"@type":"EntryPoint","urlTemplate":"https:\/\/www.abaccointernational.es\/?s={search_term_string}"},"query-input":{"@type":"PropertyValueSpecification","valueRequired":true,"valueName":"search_term_string"}}],"inLanguage":"it-IT"}]}},"_links":{"self":[{"href":"https:\/\/www.abaccointernational.es\/it\/wp-json\/wp\/v2\/pages\/3292","targetHints":{"allow":["GET"]}}],"collection":[{"href":"https:\/\/www.abaccointernational.es\/it\/wp-json\/wp\/v2\/pages"}],"about":[{"href":"https:\/\/www.abaccointernational.es\/it\/wp-json\/wp\/v2\/types\/page"}],"author":[{"embeddable":true,"href":"https:\/\/www.abaccointernational.es\/it\/wp-json\/wp\/v2\/users\/1"}],"replies":[{"embeddable":true,"href":"https:\/\/www.abaccointernational.es\/it\/wp-json\/wp\/v2\/comments?post=3292"}],"version-history":[{"count":3,"href":"https:\/\/www.abaccointernational.es\/it\/wp-json\/wp\/v2\/pages\/3292\/revisions"}],"predecessor-version":[{"id":3296,"href":"https:\/\/www.abaccointernational.es\/it\/wp-json\/wp\/v2\/pages\/3292\/revisions\/3296"}],"wp:attachment":[{"href":"https:\/\/www.abaccointernational.es\/it\/wp-json\/wp\/v2\/media?parent=3292"}],"curies":[{"name":"wp","href":"https:\/\/api.w.org\/{rel}","templated":true}]}}