{"id":3040,"date":"2018-07-25T19:12:37","date_gmt":"2018-07-25T17:12:37","guid":{"rendered":"https:\/\/www.abaccointernational.es\/trip\/portugal\/"},"modified":"2019-01-23T08:34:38","modified_gmt":"2019-01-23T07:34:38","slug":"portugal","status":"publish","type":"portfolio","link":"https:\/\/www.abaccointernational.es\/es\/trip\/portugal\/","title":{"rendered":"Portugal"},"content":{"rendered":"<div id='av-layout-grid-1'  class='av-layout-grid-container av-gusls-dccc09097296d216036722992b17ed58 entry-content-wrapper main_color av-flex-cells  avia-builder-el-0  el_before_av_section  avia-builder-el-first   container_wrap sidebar_right'  >\n\n<style type=\"text\/css\" data-created_by=\"avia_inline_auto\" id=\"style-css-av-ji3lvnyt-9b52b7b21023d000caf98e85f7b3bc06\">\n.flex_cell.av-ji3lvnyt-9b52b7b21023d000caf98e85f7b3bc06{\nvertical-align:top;\nbackground:url(https:\/\/www.abaccointernational.es\/wp-content\/uploads\/2018\/06\/Portugal-Azulejos-1500x1000.jpg) 50% 50% no-repeat fixed ;\n}\n.responsive #top #wrap_all .flex_cell.av-ji3lvnyt-9b52b7b21023d000caf98e85f7b3bc06{\npadding:30px 30px 30px 30px !important;\n}\n<\/style>\n<div class='flex_cell av-ji3lvnyt-9b52b7b21023d000caf98e85f7b3bc06 av-gridrow-cell av_one_full no_margin  avia-builder-el-1  avia-builder-el-no-sibling  content-align-top avia-full-stretch'  ><div class='flex_cell_inner'><p>\n<style type=\"text\/css\" data-created_by=\"avia_inline_auto\" id=\"style-css-av-x2xw8-1efdd5d6d8dfcfecbd0505025e0e69a2\">\n.flex_column.av-x2xw8-1efdd5d6d8dfcfecbd0505025e0e69a2{\nborder-radius:0px 0px 0px 0px;\npadding:0px 0px 0px 0px;\n}\n<\/style>\n<div  class='flex_column av-x2xw8-1efdd5d6d8dfcfecbd0505025e0e69a2 av_one_full  avia-builder-el-2  el_before_av_portfolio  avia-builder-el-no-sibling  first flex_column_div av-zero-column-padding  '     ><p>\n<style type=\"text\/css\" data-created_by=\"avia_inline_auto\" id=\"style-css-av-av_heading-0462c12e16c9294bd432f24738031188\">\n#top .av-special-heading.av-av_heading-0462c12e16c9294bd432f24738031188{\npadding-bottom:10px;\n}\nbody .av-special-heading.av-av_heading-0462c12e16c9294bd432f24738031188 .av-special-heading-tag .heading-char{\nfont-size:25px;\n}\n.av-special-heading.av-av_heading-0462c12e16c9294bd432f24738031188 .av-subheading{\nfont-size:15px;\n}\n<\/style>\n<div  class='av-special-heading av-av_heading-0462c12e16c9294bd432f24738031188 av-special-heading-h1 blockquote modern-quote modern-centered  avia-builder-el-3  el_before_av_hr  avia-builder-el-first '><h1 class='av-special-heading-tag '  itemprop=\"headline\"  >Portugal<\/h1><div class=\"special-heading-border\"><div class=\"special-heading-inner-border\"><\/div><\/div><\/div><br \/>\n\n<style type=\"text\/css\" data-created_by=\"avia_inline_auto\" id=\"style-css-av-ji3h4cwl-bf26b9176aa39907a2149a260830a168\">\n#top .hr.av-ji3h4cwl-bf26b9176aa39907a2149a260830a168{\nmargin-top:10px;\nmargin-bottom:10px;\n}\n.hr.av-ji3h4cwl-bf26b9176aa39907a2149a260830a168 .hr-inner{\nwidth:50px;\nborder-color:#a81010;\nmax-width:45%;\n}\n.hr.av-ji3h4cwl-bf26b9176aa39907a2149a260830a168 .av-seperator-icon{\ncolor:#a81010;\n}\n.hr.av-ji3h4cwl-bf26b9176aa39907a2149a260830a168 .av-seperator-icon.avia-svg-icon svg:first-child{\nfill:#a81010;\nstroke:#a81010;\n}\n<\/style>\n<div  class='hr av-ji3h4cwl-bf26b9176aa39907a2149a260830a168 hr-custom  avia-builder-el-4  el_after_av_heading  el_before_av_textblock  hr-center hr-icon-yes'><span class='hr-inner inner-border-av-border-thin'><span class=\"hr-inner-style\"><\/span><\/span><span class='av-seperator-icon avia-iconfont avia-font-entypo-fontello' data-av_icon='\ue841' data-av_iconfont='entypo-fontello' ><\/span><span class='hr-inner inner-border-av-border-thin'><span class=\"hr-inner-style\"><\/span><\/span><\/div><br \/>\n<section  class='av_textblock_section av-ji21rghk-4b95be0017a701c5a0bb208ade695b66 '   itemscope=\"itemscope\" itemtype=\"https:\/\/schema.org\/CreativeWork\" ><div class='avia_textblock'  itemprop=\"text\" ><p style=\"text-align: center;\">Frente al Oc\u00e9ano Atl\u00e1ntico, <strong>Portugal<\/strong> es el pa\u00eds m\u00e1s occidental de Europa y uno de los m\u00e1s antiguos del continente. Tiene identidad propia y belleza suficiente para merecer una visita en exclusiva.<\/p>\n<p style=\"text-align: center;\">La situaci\u00f3n geogr\u00e1fica de Portugal, en la Pen\u00ednsula Ib\u00e9rica al igual que Espa\u00f1a, hace que ambos destinos combinen perfectamente para ser visitados en un mismo viaje.<\/p>\n<p style=\"text-align: center;\">Echa un vistazo a nuestros <a href=\"https:\/\/www.abaccointernational.es\/es\/programas\/\">PROGRAMAS<\/a> e insp\u00edrate para crear el tuyo en Portugal!<\/p>\n<\/div><\/section><\/p><\/div><div  id=\"av-sc-portfolio-1\"  class=\"av-portfolio-grid-sorting-container\"><div class='sort_width_container  av-sort-yes' data-portfolio-id='1' ><div id='js_sort_items' ><div class='sort_by_cat hidden'><a href=\"#\" data-filter=\"all_sort\" class=\"all_sort_button active_sort\"><span class=\"inner_sort_button\"><span>Todo<\/span><small class=\"av-cat-count\"> 7 <\/small><\/span><\/a><span class=\"text-sep portugal-es_sort_sep\">\/<\/span><a href=\"#\" data-filter=\"portugal-es_sort\" class=\"portugal-es_sort_button\" ><span class=\"inner_sort_button\"><span>Portugal<\/span><small class=\"av-cat-count\"> 7 <\/small><\/span><\/a><\/div><\/div><\/div><div  class=' grid-sort-container isotope   no_margin-container with-excerpt-container grid-total-odd grid-col-3 grid-links-' data-portfolio-id='1'><div data-ajax-id='3130' class=' grid-entry flex_column isotope-item all_sort no_margin post-entry post-entry-3130 grid-entry-overview grid-loop-1 grid-parity-odd  portugal-es_sort  av_one_third first default_av_fullwidth '><article class='main_color inner-entry'  itemscope=\"itemscope\" itemtype=\"https:\/\/schema.org\/CreativeWork\" ><a href=\"https:\/\/www.abaccointernational.es\/es\/trip\/lisboa\/\" title='Lisboa'  data-rel='grid-1' class='grid-image avia-hover-fx'> <img decoding=\"async\" fetchpriority=\"high\" width=\"495\" height=\"400\" src=\"https:\/\/www.abaccointernational.es\/wp-content\/uploads\/2018\/07\/Lissbon-trolley-car-495x400.jpg\" class=\"wp-image-2746 avia-img-lazy-loading-not-2746 attachment-portfolio size-portfolio wp-post-image\" alt=\"\" srcset=\"https:\/\/www.abaccointernational.es\/wp-content\/uploads\/2018\/07\/Lissbon-trolley-car-495x400.jpg 495w, https:\/\/www.abaccointernational.es\/wp-content\/uploads\/2018\/07\/Lissbon-trolley-car-300x243.jpg 300w, https:\/\/www.abaccointernational.es\/wp-content\/uploads\/2018\/07\/Lissbon-trolley-car-768x622.jpg 768w, https:\/\/www.abaccointernational.es\/wp-content\/uploads\/2018\/07\/Lissbon-trolley-car-705x571.jpg 705w, https:\/\/www.abaccointernational.es\/wp-content\/uploads\/2018\/07\/Lissbon-trolley-car-450x364.jpg 450w, https:\/\/www.abaccointernational.es\/wp-content\/uploads\/2018\/07\/Lissbon-trolley-car.jpg 845w\" sizes=\"(max-width: 495px) 100vw, 495px\" \/><\/a><div class='grid-content'><div class='avia-arrow'><\/div><header class=\"entry-content-header\" aria-label=\"Portfolio: Lisboa\"><h3 class='grid-entry-title entry-title '  itemprop=\"headline\" ><a href='https:\/\/www.abaccointernational.es\/es\/trip\/lisboa\/' title='Lisboa'>Lisboa<\/a><\/h3><\/header><\/div><footer class=\"entry-footer\"><\/footer><\/article><\/div><div data-ajax-id='3132' class=' grid-entry flex_column isotope-item all_sort no_margin post-entry post-entry-3132 grid-entry-overview grid-loop-2 grid-parity-even  portugal-es_sort  av_one_third  default_av_fullwidth '><article class='main_color inner-entry'  itemscope=\"itemscope\" itemtype=\"https:\/\/schema.org\/CreativeWork\" ><a href=\"https:\/\/www.abaccointernational.es\/es\/trip\/coimbra\/\" title='Coimbra'  data-rel='grid-1' class='grid-image avia-hover-fx'> <img decoding=\"async\" fetchpriority=\"high\" width=\"495\" height=\"400\" src=\"https:\/\/www.abaccointernational.es\/wp-content\/uploads\/2018\/07\/Coimbra-University-495x400.jpg\" class=\"wp-image-2794 avia-img-lazy-loading-not-2794 attachment-portfolio size-portfolio wp-post-image\" alt=\"\" srcset=\"https:\/\/www.abaccointernational.es\/wp-content\/uploads\/2018\/07\/Coimbra-University-495x400.jpg 495w, https:\/\/www.abaccointernational.es\/wp-content\/uploads\/2018\/07\/Coimbra-University-300x243.jpg 300w, https:\/\/www.abaccointernational.es\/wp-content\/uploads\/2018\/07\/Coimbra-University-768x622.jpg 768w, https:\/\/www.abaccointernational.es\/wp-content\/uploads\/2018\/07\/Coimbra-University-705x571.jpg 705w, https:\/\/www.abaccointernational.es\/wp-content\/uploads\/2018\/07\/Coimbra-University-450x364.jpg 450w, https:\/\/www.abaccointernational.es\/wp-content\/uploads\/2018\/07\/Coimbra-University.jpg 845w\" sizes=\"(max-width: 495px) 100vw, 495px\" \/><\/a><div class='grid-content'><div class='avia-arrow'><\/div><header class=\"entry-content-header\" aria-label=\"Portfolio: Coimbra\"><h3 class='grid-entry-title entry-title '  itemprop=\"headline\" ><a href='https:\/\/www.abaccointernational.es\/es\/trip\/coimbra\/' title='Coimbra'>Coimbra<\/a><\/h3><\/header><\/div><footer class=\"entry-footer\"><\/footer><\/article><\/div><div data-ajax-id='3134' class=' grid-entry flex_column isotope-item all_sort no_margin post-entry post-entry-3134 grid-entry-overview grid-loop-3 grid-parity-odd  portugal-es_sort  av_one_third  default_av_fullwidth '><article class='main_color inner-entry'  itemscope=\"itemscope\" itemtype=\"https:\/\/schema.org\/CreativeWork\" ><a href=\"https:\/\/www.abaccointernational.es\/es\/trip\/evora\/\" title='\u00c9vora'  data-rel='grid-1' class='grid-image avia-hover-fx'> <img decoding=\"async\" fetchpriority=\"high\" width=\"495\" height=\"400\" src=\"https:\/\/www.abaccointernational.es\/wp-content\/uploads\/2018\/07\/Evora-Portugal-Diana-Roman-Temple-495x400.jpg\" class=\"wp-image-2753 avia-img-lazy-loading-not-2753 attachment-portfolio size-portfolio wp-post-image\" alt=\"\" srcset=\"https:\/\/www.abaccointernational.es\/wp-content\/uploads\/2018\/07\/Evora-Portugal-Diana-Roman-Temple-495x400.jpg 495w, https:\/\/www.abaccointernational.es\/wp-content\/uploads\/2018\/07\/Evora-Portugal-Diana-Roman-Temple-300x243.jpg 300w, https:\/\/www.abaccointernational.es\/wp-content\/uploads\/2018\/07\/Evora-Portugal-Diana-Roman-Temple-768x622.jpg 768w, https:\/\/www.abaccointernational.es\/wp-content\/uploads\/2018\/07\/Evora-Portugal-Diana-Roman-Temple-705x571.jpg 705w, https:\/\/www.abaccointernational.es\/wp-content\/uploads\/2018\/07\/Evora-Portugal-Diana-Roman-Temple-450x364.jpg 450w, https:\/\/www.abaccointernational.es\/wp-content\/uploads\/2018\/07\/Evora-Portugal-Diana-Roman-Temple.jpg 845w\" sizes=\"(max-width: 495px) 100vw, 495px\" \/><\/a><div class='grid-content'><div class='avia-arrow'><\/div><header class=\"entry-content-header\" aria-label=\"Portfolio: \u00c9vora\"><h3 class='grid-entry-title entry-title '  itemprop=\"headline\" ><a href='https:\/\/www.abaccointernational.es\/es\/trip\/evora\/' title='\u00c9vora'>\u00c9vora<\/a><\/h3><\/header><\/div><footer class=\"entry-footer\"><\/footer><\/article><\/div><div data-ajax-id='3136' class=' grid-entry flex_column isotope-item all_sort no_margin post-entry post-entry-3136 grid-entry-overview grid-loop-4 grid-parity-even  portugal-es_sort  av_one_third first default_av_fullwidth '><article class='main_color inner-entry'  itemscope=\"itemscope\" itemtype=\"https:\/\/schema.org\/CreativeWork\" ><a href=\"https:\/\/www.abaccointernational.es\/es\/trip\/fatima\/\" title='F\u00e1tima'  data-rel='grid-1' class='grid-image avia-hover-fx'> <img decoding=\"async\" fetchpriority=\"high\" width=\"495\" height=\"400\" src=\"https:\/\/www.abaccointernational.es\/wp-content\/uploads\/2018\/06\/Fatima-santuary-495x400.jpg\" class=\"wp-image-2568 avia-img-lazy-loading-not-2568 attachment-portfolio size-portfolio wp-post-image\" alt=\"\" srcset=\"https:\/\/www.abaccointernational.es\/wp-content\/uploads\/2018\/06\/Fatima-santuary-495x400.jpg 495w, https:\/\/www.abaccointernational.es\/wp-content\/uploads\/2018\/06\/Fatima-santuary-845x684.jpg 845w\" sizes=\"(max-width: 495px) 100vw, 495px\" \/><\/a><div class='grid-content'><div class='avia-arrow'><\/div><header class=\"entry-content-header\" aria-label=\"Portfolio: F\u00e1tima\"><h3 class='grid-entry-title entry-title '  itemprop=\"headline\" ><a href='https:\/\/www.abaccointernational.es\/es\/trip\/fatima\/' title='F\u00e1tima'>F\u00e1tima<\/a><\/h3><\/header><\/div><footer class=\"entry-footer\"><\/footer><\/article><\/div><div data-ajax-id='3138' class=' grid-entry flex_column isotope-item all_sort no_margin post-entry post-entry-3138 grid-entry-overview grid-loop-5 grid-parity-odd  portugal-es_sort  av_one_third  default_av_fullwidth '><article class='main_color inner-entry'  itemscope=\"itemscope\" itemtype=\"https:\/\/schema.org\/CreativeWork\" ><a href=\"https:\/\/www.abaccointernational.es\/es\/trip\/madeira\/\" title='Madeira'  data-rel='grid-1' class='grid-image avia-hover-fx'> <img decoding=\"async\" fetchpriority=\"high\" width=\"495\" height=\"400\" src=\"https:\/\/www.abaccointernational.es\/wp-content\/uploads\/2018\/07\/Madeira-Portugal-04-495x400.jpg\" class=\"wp-image-2758 avia-img-lazy-loading-not-2758 attachment-portfolio size-portfolio wp-post-image\" alt=\"\" srcset=\"https:\/\/www.abaccointernational.es\/wp-content\/uploads\/2018\/07\/Madeira-Portugal-04-495x400.jpg 495w, https:\/\/www.abaccointernational.es\/wp-content\/uploads\/2018\/07\/Madeira-Portugal-04-300x243.jpg 300w, https:\/\/www.abaccointernational.es\/wp-content\/uploads\/2018\/07\/Madeira-Portugal-04-768x622.jpg 768w, https:\/\/www.abaccointernational.es\/wp-content\/uploads\/2018\/07\/Madeira-Portugal-04-705x571.jpg 705w, https:\/\/www.abaccointernational.es\/wp-content\/uploads\/2018\/07\/Madeira-Portugal-04-450x364.jpg 450w, https:\/\/www.abaccointernational.es\/wp-content\/uploads\/2018\/07\/Madeira-Portugal-04.jpg 845w\" sizes=\"(max-width: 495px) 100vw, 495px\" \/><\/a><div class='grid-content'><div class='avia-arrow'><\/div><header class=\"entry-content-header\" aria-label=\"Portfolio: Madeira\"><h3 class='grid-entry-title entry-title '  itemprop=\"headline\" ><a href='https:\/\/www.abaccointernational.es\/es\/trip\/madeira\/' title='Madeira'>Madeira<\/a><\/h3><\/header><\/div><footer class=\"entry-footer\"><\/footer><\/article><\/div><div data-ajax-id='3140' class=' grid-entry flex_column isotope-item all_sort no_margin post-entry post-entry-3140 grid-entry-overview grid-loop-6 grid-parity-even  portugal-es_sort  av_one_third  default_av_fullwidth '><article class='main_color inner-entry'  itemscope=\"itemscope\" itemtype=\"https:\/\/schema.org\/CreativeWork\" ><a href=\"https:\/\/www.abaccointernational.es\/es\/trip\/oporto\/\" title='Oporto'  data-rel='grid-1' class='grid-image avia-hover-fx'> <img decoding=\"async\" fetchpriority=\"high\" width=\"495\" height=\"400\" src=\"https:\/\/www.abaccointernational.es\/wp-content\/uploads\/2018\/07\/Porto-Portugal-night-vision-495x400.jpg\" class=\"wp-image-2759 avia-img-lazy-loading-not-2759 attachment-portfolio size-portfolio wp-post-image\" alt=\"\" srcset=\"https:\/\/www.abaccointernational.es\/wp-content\/uploads\/2018\/07\/Porto-Portugal-night-vision-495x400.jpg 495w, https:\/\/www.abaccointernational.es\/wp-content\/uploads\/2018\/07\/Porto-Portugal-night-vision-300x243.jpg 300w, https:\/\/www.abaccointernational.es\/wp-content\/uploads\/2018\/07\/Porto-Portugal-night-vision-768x622.jpg 768w, https:\/\/www.abaccointernational.es\/wp-content\/uploads\/2018\/07\/Porto-Portugal-night-vision-705x571.jpg 705w, https:\/\/www.abaccointernational.es\/wp-content\/uploads\/2018\/07\/Porto-Portugal-night-vision-450x364.jpg 450w, https:\/\/www.abaccointernational.es\/wp-content\/uploads\/2018\/07\/Porto-Portugal-night-vision.jpg 845w\" sizes=\"(max-width: 495px) 100vw, 495px\" \/><\/a><div class='grid-content'><div class='avia-arrow'><\/div><header class=\"entry-content-header\" aria-label=\"Portfolio: Oporto\"><h3 class='grid-entry-title entry-title '  itemprop=\"headline\" ><a href='https:\/\/www.abaccointernational.es\/es\/trip\/oporto\/' title='Oporto'>Oporto<\/a><\/h3><\/header><\/div><footer class=\"entry-footer\"><\/footer><\/article><\/div><div data-ajax-id='3142' class=' grid-entry flex_column isotope-item all_sort no_margin post-entry post-entry-3142 grid-entry-overview grid-loop-7 grid-parity-odd  post-entry-last  portugal-es_sort  av_one_third first default_av_fullwidth '><article class='main_color inner-entry'  itemscope=\"itemscope\" itemtype=\"https:\/\/schema.org\/CreativeWork\" ><a href=\"https:\/\/www.abaccointernational.es\/es\/trip\/azores\/\" title='Azores'  data-rel='grid-1' class='grid-image avia-hover-fx'> <img decoding=\"async\" fetchpriority=\"high\" width=\"495\" height=\"400\" src=\"https:\/\/www.abaccointernational.es\/wp-content\/uploads\/2018\/07\/Azores-landscape-Portugal-495x400.jpg\" class=\"wp-image-2806 avia-img-lazy-loading-not-2806 attachment-portfolio size-portfolio wp-post-image\" alt=\"\" srcset=\"https:\/\/www.abaccointernational.es\/wp-content\/uploads\/2018\/07\/Azores-landscape-Portugal-495x400.jpg 495w, https:\/\/www.abaccointernational.es\/wp-content\/uploads\/2018\/07\/Azores-landscape-Portugal-300x243.jpg 300w, https:\/\/www.abaccointernational.es\/wp-content\/uploads\/2018\/07\/Azores-landscape-Portugal-768x622.jpg 768w, https:\/\/www.abaccointernational.es\/wp-content\/uploads\/2018\/07\/Azores-landscape-Portugal-705x571.jpg 705w, https:\/\/www.abaccointernational.es\/wp-content\/uploads\/2018\/07\/Azores-landscape-Portugal-450x364.jpg 450w, https:\/\/www.abaccointernational.es\/wp-content\/uploads\/2018\/07\/Azores-landscape-Portugal.jpg 845w\" sizes=\"(max-width: 495px) 100vw, 495px\" \/><\/a><div class='grid-content'><div class='avia-arrow'><\/div><header class=\"entry-content-header\" aria-label=\"Portfolio: Azores\"><h3 class='grid-entry-title entry-title '  itemprop=\"headline\" ><a href='https:\/\/www.abaccointernational.es\/es\/trip\/azores\/' title='Azores'>Azores<\/a><\/h3><\/header><\/div><footer class=\"entry-footer\"><\/footer><\/article><\/div><\/div><\/div>   <!--   class=\"av-portfolio-grid-sorting-container\"  --><\/p>\n<\/div><\/div><\/div>\n<style type=\"text\/css\" data-created_by=\"avia_inline_auto\" id=\"style-css-av-ji5dvu09-795a841ceb380f75ff7a4276b10dc773\">\n.avia-section.av-ji5dvu09-795a841ceb380f75ff7a4276b10dc773{\nbackground-color:#f9f9f9;\nbackground-image:url(https:\/\/www.abaccointernational.es\/wp-content\/uploads\/2018\/09\/pattern-mail-80x80.png);\nbackground-repeat:repeat;\nbackground-position:0% 0%;\nbackground-attachment:scroll;\n}\n<\/style>\n<div id='av_section_1'  class='avia-section av-ji5dvu09-795a841ceb380f75ff7a4276b10dc773 main_color avia-section-default avia-no-border-styling  avia-builder-el-7  el_after_av_layout_row  avia-builder-el-last  avia-bg-style-scroll container_wrap sidebar_right'  data-section-bg-repeat='repeat'><div class='container av-section-cont-open' ><div class='template-page content  av-content-small alpha units'><div class='post-entry post-entry-type-page post-entry-3040'><div class='entry-content-wrapper clearfix'>\n\n<style type=\"text\/css\" data-created_by=\"avia_inline_auto\" id=\"style-css-av-24ox2-0c6e4fc1b0f5c5037c31196d26755020\">\n.flex_column.av-24ox2-0c6e4fc1b0f5c5037c31196d26755020{\nborder-radius:0px 0px 0px 0px;\npadding:0px 0px 0px 0px;\n}\n<\/style>\n<div  class='flex_column av-24ox2-0c6e4fc1b0f5c5037c31196d26755020 av_one_fifth  avia-builder-el-8  el_before_av_three_fifth  avia-builder-el-first  first flex_column_div av-zero-column-padding  '     ><\/div>\n<style type=\"text\/css\" data-created_by=\"avia_inline_auto\" id=\"style-css-av-dowpq-847597f5e4531b981529513c2bbfed2c\">\n.flex_column.av-dowpq-847597f5e4531b981529513c2bbfed2c{\nborder-width:1px;\nborder-color:#222222;\nborder-style:solid;\nborder-radius:10px 10px 10px 10px;\npadding:30px 0px 30px 0px;\nbackground-color:#fcfcfc;\n}\n<\/style>\n<div  class='flex_column av-dowpq-847597f5e4531b981529513c2bbfed2c av_three_fifth  avia-builder-el-9  el_after_av_one_fifth  el_before_av_one_fifth  flex_column_div  '     ><p>\n<style type=\"text\/css\" data-created_by=\"avia_inline_auto\" id=\"style-css-av-ji5e52mn-b19383166f5198aa3c0650a54affbb25\">\n#top .av-rotator-container.av-ji5e52mn-b19383166f5198aa3c0650a54affbb25{\ntext-align:center;\nmargin:0 0 10px 0;\n}\n<\/style>\n<div  class='av-rotator-container av-rotation-container-center av-ji5e52mn-b19383166f5198aa3c0650a54affbb25  avia-builder-el-10  el_before_av_button  avia-builder-el-first  av-fixed-rotator-width' data-interval='5' data-animation='1' data-fixWidth='1'><h3 class='av-rotator-container-inner'>If you need more information,<span class='av-rotator-text av-rotator-multiline-on'>\n<span class='av-rotator-text-single av-7tbkp-d9447e30f727429aad6cd1fd9bb882ed av-rotator-text-single-1' >please...<\/span>\n<span class='av-rotator-text-single av-ywae-54d32ae4755bf159607b2334e5966505 av-rotator-text-single-2' >contact us!<\/span>\n<\/span><\/h3><\/div><br \/>\n<div  class='avia-button-wrap av-amnku-bd259f1b113fdc2bb02dbf2fd44a7ca8-wrap avia-button-center  avia-builder-el-11  el_after_av_headline_rotator  avia-builder-el-last '><a href=''  class='avia-button av-amnku-bd259f1b113fdc2bb02dbf2fd44a7ca8 av-link-btn avia-icon_select-yes-left-icon avia-size-large avia-position-center avia-color-theme-color'   aria-label=\"Contact\"><span class='avia_button_icon avia_button_icon_left avia-iconfont avia-font-entypo-fontello' data-av_icon='\ue805' data-av_iconfont='entypo-fontello' ><\/span><span class='avia_iconbox_title' >Contact<\/span><\/a><\/div><\/p><\/div>\n<style type=\"text\/css\" data-created_by=\"avia_inline_auto\" id=\"style-css-av-b43ny-5ac5edbc5a21bd9e476e3f22c3b80750\">\n.flex_column.av-b43ny-5ac5edbc5a21bd9e476e3f22c3b80750{\nborder-radius:0px 0px 0px 0px;\npadding:0px 0px 0px 0px;\n}\n<\/style>\n<div  class='flex_column av-b43ny-5ac5edbc5a21bd9e476e3f22c3b80750 av_one_fifth  avia-builder-el-12  el_after_av_three_fifth  avia-builder-el-last  flex_column_div av-zero-column-padding  '     ><\/div>\n<\/div><\/div><\/div><!-- close content main div --><\/div><\/div><div id='after_section_1'  class='main_color av_default_container_wrap container_wrap sidebar_right'  ><div class='container av-section-cont-open' ><div class='template-page content  av-content-small alpha units'><div class='post-entry post-entry-type-page post-entry-3040'><div class='entry-content-wrapper clearfix'><\/p>\n","protected":false},"excerpt":{"rendered":"","protected":false},"author":1,"featured_media":0,"comment_status":"open","ping_status":"closed","template":"","meta":{"footnotes":""},"tags":[],"portfolio_entries":[79],"class_list":["post-3040","portfolio","type-portfolio","status-publish","hentry","portfolio_entries-destinos"],"yoast_head":"<!-- This site is optimized with the Yoast SEO plugin v27.4 - https:\/\/yoast.com\/product\/yoast-seo-wordpress\/ -->\n<title>Portugal - Abacco International<\/title>\n<meta name=\"description\" content=\"\u00c1bacco International is a DMC in Portugal. Browse the list of cities you can go to in Portugal!\" \/>\n<meta name=\"robots\" content=\"index, follow, max-snippet:-1, max-image-preview:large, max-video-preview:-1\" \/>\n<link rel=\"canonical\" href=\"https:\/\/www.abaccointernational.es\/es\/trip\/portugal\/\" \/>\n<meta property=\"og:locale\" content=\"es_ES\" \/>\n<meta property=\"og:type\" content=\"article\" \/>\n<meta property=\"og:title\" content=\"Portugal - Abacco International\" \/>\n<meta property=\"og:description\" content=\"\u00c1bacco International is a DMC in Portugal. Browse the list of cities you can go to in Portugal!\" \/>\n<meta property=\"og:url\" content=\"https:\/\/www.abaccointernational.es\/es\/trip\/portugal\/\" \/>\n<meta property=\"og:site_name\" content=\"Abacco International\" \/>\n<meta property=\"article:modified_time\" content=\"2019-01-23T07:34:38+00:00\" \/>\n<meta name=\"twitter:card\" content=\"summary_large_image\" \/>\n<meta name=\"twitter:label1\" content=\"Tiempo de lectura\" \/>\n\t<meta name=\"twitter:data1\" content=\"5 minutos\" \/>\n<script type=\"application\/ld+json\" class=\"yoast-schema-graph\">{\"@context\":\"https:\\\/\\\/schema.org\",\"@graph\":[{\"@type\":\"WebPage\",\"@id\":\"https:\\\/\\\/www.abaccointernational.es\\\/es\\\/trip\\\/portugal\\\/\",\"url\":\"https:\\\/\\\/www.abaccointernational.es\\\/es\\\/trip\\\/portugal\\\/\",\"name\":\"Portugal - Abacco International\",\"isPartOf\":{\"@id\":\"https:\\\/\\\/www.abaccointernational.es\\\/#website\"},\"datePublished\":\"2018-07-25T17:12:37+00:00\",\"dateModified\":\"2019-01-23T07:34:38+00:00\",\"description\":\"\u00c1bacco International is a DMC in Portugal. Browse the list of cities you can go to in Portugal!\",\"breadcrumb\":{\"@id\":\"https:\\\/\\\/www.abaccointernational.es\\\/es\\\/trip\\\/portugal\\\/#breadcrumb\"},\"inLanguage\":\"es\",\"potentialAction\":[{\"@type\":\"ReadAction\",\"target\":[\"https:\\\/\\\/www.abaccointernational.es\\\/es\\\/trip\\\/portugal\\\/\"]}]},{\"@type\":\"BreadcrumbList\",\"@id\":\"https:\\\/\\\/www.abaccointernational.es\\\/es\\\/trip\\\/portugal\\\/#breadcrumb\",\"itemListElement\":[{\"@type\":\"ListItem\",\"position\":1,\"name\":\"Home\",\"item\":\"https:\\\/\\\/www.abaccointernational.es\\\/es\\\/\"},{\"@type\":\"ListItem\",\"position\":2,\"name\":\"Portugal\"}]},{\"@type\":\"WebSite\",\"@id\":\"https:\\\/\\\/www.abaccointernational.es\\\/#website\",\"url\":\"https:\\\/\\\/www.abaccointernational.es\\\/\",\"name\":\"Abacco International\",\"description\":\"DMC for Spain And Portugal\",\"potentialAction\":[{\"@type\":\"SearchAction\",\"target\":{\"@type\":\"EntryPoint\",\"urlTemplate\":\"https:\\\/\\\/www.abaccointernational.es\\\/?s={search_term_string}\"},\"query-input\":{\"@type\":\"PropertyValueSpecification\",\"valueRequired\":true,\"valueName\":\"search_term_string\"}}],\"inLanguage\":\"es\"}]}<\/script>\n<!-- \/ Yoast SEO plugin. -->","yoast_head_json":{"title":"Portugal - Abacco International","description":"\u00c1bacco International is a DMC in Portugal. Browse the list of cities you can go to in Portugal!","robots":{"index":"index","follow":"follow","max-snippet":"max-snippet:-1","max-image-preview":"max-image-preview:large","max-video-preview":"max-video-preview:-1"},"canonical":"https:\/\/www.abaccointernational.es\/es\/trip\/portugal\/","og_locale":"es_ES","og_type":"article","og_title":"Portugal - Abacco International","og_description":"\u00c1bacco International is a DMC in Portugal. Browse the list of cities you can go to in Portugal!","og_url":"https:\/\/www.abaccointernational.es\/es\/trip\/portugal\/","og_site_name":"Abacco International","article_modified_time":"2019-01-23T07:34:38+00:00","twitter_card":"summary_large_image","twitter_misc":{"Tiempo de lectura":"5 minutos"},"schema":{"@context":"https:\/\/schema.org","@graph":[{"@type":"WebPage","@id":"https:\/\/www.abaccointernational.es\/es\/trip\/portugal\/","url":"https:\/\/www.abaccointernational.es\/es\/trip\/portugal\/","name":"Portugal - Abacco International","isPartOf":{"@id":"https:\/\/www.abaccointernational.es\/#website"},"datePublished":"2018-07-25T17:12:37+00:00","dateModified":"2019-01-23T07:34:38+00:00","description":"\u00c1bacco International is a DMC in Portugal. Browse the list of cities you can go to in Portugal!","breadcrumb":{"@id":"https:\/\/www.abaccointernational.es\/es\/trip\/portugal\/#breadcrumb"},"inLanguage":"es","potentialAction":[{"@type":"ReadAction","target":["https:\/\/www.abaccointernational.es\/es\/trip\/portugal\/"]}]},{"@type":"BreadcrumbList","@id":"https:\/\/www.abaccointernational.es\/es\/trip\/portugal\/#breadcrumb","itemListElement":[{"@type":"ListItem","position":1,"name":"Home","item":"https:\/\/www.abaccointernational.es\/es\/"},{"@type":"ListItem","position":2,"name":"Portugal"}]},{"@type":"WebSite","@id":"https:\/\/www.abaccointernational.es\/#website","url":"https:\/\/www.abaccointernational.es\/","name":"Abacco International","description":"DMC for Spain And Portugal","potentialAction":[{"@type":"SearchAction","target":{"@type":"EntryPoint","urlTemplate":"https:\/\/www.abaccointernational.es\/?s={search_term_string}"},"query-input":{"@type":"PropertyValueSpecification","valueRequired":true,"valueName":"search_term_string"}}],"inLanguage":"es"}]}},"_links":{"self":[{"href":"https:\/\/www.abaccointernational.es\/es\/wp-json\/wp\/v2\/portfolio\/3040","targetHints":{"allow":["GET"]}}],"collection":[{"href":"https:\/\/www.abaccointernational.es\/es\/wp-json\/wp\/v2\/portfolio"}],"about":[{"href":"https:\/\/www.abaccointernational.es\/es\/wp-json\/wp\/v2\/types\/portfolio"}],"author":[{"embeddable":true,"href":"https:\/\/www.abaccointernational.es\/es\/wp-json\/wp\/v2\/users\/1"}],"replies":[{"embeddable":true,"href":"https:\/\/www.abaccointernational.es\/es\/wp-json\/wp\/v2\/comments?post=3040"}],"version-history":[{"count":1,"href":"https:\/\/www.abaccointernational.es\/es\/wp-json\/wp\/v2\/portfolio\/3040\/revisions"}],"predecessor-version":[{"id":3041,"href":"https:\/\/www.abaccointernational.es\/es\/wp-json\/wp\/v2\/portfolio\/3040\/revisions\/3041"}],"wp:attachment":[{"href":"https:\/\/www.abaccointernational.es\/es\/wp-json\/wp\/v2\/media?parent=3040"}],"wp:term":[{"taxonomy":"post_tag","embeddable":true,"href":"https:\/\/www.abaccointernational.es\/es\/wp-json\/wp\/v2\/tags?post=3040"},{"taxonomy":"portfolio_entries","embeddable":true,"href":"https:\/\/www.abaccointernational.es\/es\/wp-json\/wp\/v2\/portfolio_entries?post=3040"}],"curies":[{"name":"wp","href":"https:\/\/api.w.org\/{rel}","templated":true}]}}