{"id":2968,"date":"2018-06-07T06:41:31","date_gmt":"2018-06-07T04:41:31","guid":{"rendered":"https:\/\/www.abaccointernational.es\/trip\/galicia-wine-tour\/"},"modified":"2019-01-23T12:35:07","modified_gmt":"2019-01-23T11:35:07","slug":"ruta-de-vinos-en-galicia-y-norte-de-portugal","status":"publish","type":"portfolio","link":"https:\/\/www.abaccointernational.es\/es\/trip\/ruta-de-vinos-en-galicia-y-norte-de-portugal\/","title":{"rendered":"Ruta de vinos en Galicia y norte de Portugal"},"content":{"rendered":"<div id='av_section_1'  class='avia-section av-ji3ta8w4-da37c5fef5f572fb762188313ad77d02 main_color avia-section-default avia-no-border-styling  avia-builder-el-0  el_before_av_masonry_gallery  avia-builder-el-first  avia-bg-style-scroll container_wrap sidebar_right'  ><div class='container av-section-cont-open' ><main  role=\"main\" itemprop=\"mainContentOfPage\"  class='template-page content  av-content-small alpha units'><div class='post-entry post-entry-type-page post-entry-2968'><div class='entry-content-wrapper clearfix'>\n\n<style type=\"text\/css\" data-created_by=\"avia_inline_auto\" id=\"style-css-av-cpvgo-984f2fdf1ba3152311784538e1489c30\">\n.flex_column.av-cpvgo-984f2fdf1ba3152311784538e1489c30{\nborder-radius:0px 0px 0px 0px;\npadding:0px 0px 0px 0px;\n}\n<\/style>\n<div  class='flex_column av-cpvgo-984f2fdf1ba3152311784538e1489c30 av_one_full  avia-builder-el-1  avia-builder-el-no-sibling  first flex_column_div av-zero-column-padding  '     ><p>\n<style type=\"text\/css\" data-created_by=\"avia_inline_auto\" id=\"style-css-av-jr7x8zn7-652dbdc429a52a0598b7426d110dca2d\">\n#top .av-special-heading.av-jr7x8zn7-652dbdc429a52a0598b7426d110dca2d{\npadding-bottom:10px;\n}\nbody .av-special-heading.av-jr7x8zn7-652dbdc429a52a0598b7426d110dca2d .av-special-heading-tag .heading-char{\nfont-size:25px;\n}\n.av-special-heading.av-jr7x8zn7-652dbdc429a52a0598b7426d110dca2d .av-subheading{\nfont-size:20px;\n}\n<\/style>\n<div  class='av-special-heading av-jr7x8zn7-652dbdc429a52a0598b7426d110dca2d av-special-heading-h1 blockquote modern-quote modern-centered  avia-builder-el-2  el_before_av_hr  avia-builder-el-first '><h1 class='av-special-heading-tag '  itemprop=\"headline\"  >Ruta de vinos en Galicia y norte de Portugal<\/h1><div class=\"special-heading-border\"><div class=\"special-heading-inner-border\"><\/div><\/div><\/div><br \/>\n\n<style type=\"text\/css\" data-created_by=\"avia_inline_auto\" id=\"style-css-av-ji3h4cwl-ceecf544ba6d0f5635f7233be0e8e250\">\n#top .hr.av-ji3h4cwl-ceecf544ba6d0f5635f7233be0e8e250{\nmargin-top:10px;\nmargin-bottom:10px;\n}\n.hr.av-ji3h4cwl-ceecf544ba6d0f5635f7233be0e8e250 .hr-inner{\nwidth:50px;\nborder-color:#a81010;\nmax-width:45%;\n}\n.hr.av-ji3h4cwl-ceecf544ba6d0f5635f7233be0e8e250 .av-seperator-icon{\ncolor:#a81010;\n}\n.hr.av-ji3h4cwl-ceecf544ba6d0f5635f7233be0e8e250 .av-seperator-icon.avia-svg-icon svg:first-child{\nfill:#a81010;\nstroke:#a81010;\n}\n<\/style>\n<div  class='hr av-ji3h4cwl-ceecf544ba6d0f5635f7233be0e8e250 hr-custom  avia-builder-el-3  el_after_av_heading  avia-builder-el-last  hr-center hr-icon-yes'><span class='hr-inner inner-border-av-border-thin'><span class=\"hr-inner-style\"><\/span><\/span><span class='av-seperator-icon avia-iconfont avia-font-entypo-fontello' data-av_icon='\ue843' data-av_iconfont='entypo-fontello' ><\/span><span class='hr-inner inner-border-av-border-thin'><span class=\"hr-inner-style\"><\/span><\/span><\/div><\/p><\/div>\n\n<div id='av-masonry-1' class='av-masonry av-jhy5sabg-4d1fbfd5245f34ece33b6104a6ae2271 noHover av-fixed-size av-1px-gap av-hover-overlay- av-masonry-animation-active av-masonry-col-4 av-caption-on-hover av-caption-style- av-masonry-gallery ' data-post_id=\"2968\"><div class=\"av-masonry-container isotope av-js-disabled\"><div class='av-masonry-entry isotope-item av-masonry-item-no-image '><\/div><a href=\"https:\/\/www.abaccointernational.es\/wp-content\/uploads\/2018\/06\/Cambados-Win-Cellar-Galica.jpg\" data-srcset=\"https:\/\/www.abaccointernational.es\/wp-content\/uploads\/2018\/06\/Cambados-Win-Cellar-Galica.jpg 787w, https:\/\/www.abaccointernational.es\/wp-content\/uploads\/2018\/06\/Cambados-Win-Cellar-Galica-300x225.jpg 300w, https:\/\/www.abaccointernational.es\/wp-content\/uploads\/2018\/06\/Cambados-Win-Cellar-Galica-768x576.jpg 768w, https:\/\/www.abaccointernational.es\/wp-content\/uploads\/2018\/06\/Cambados-Win-Cellar-Galica-705x529.jpg 705w, https:\/\/www.abaccointernational.es\/wp-content\/uploads\/2018\/06\/Cambados-Win-Cellar-Galica-450x337.jpg 450w\" data-sizes=\"(max-width: 787px) 100vw, 787px\"  aria-label=\"image Wine cellar in Cambados, Galicia\"  id='av-masonry-1-item-2643' data-av-masonry-item='2643' class='av-masonry-entry isotope-item post-2643 attachment type-attachment status-inherit hentry  av-masonry-item-with-image' title=\"Wine cellar in Cambados, Galicia\" alt=\"\"    itemprop=\"thumbnailUrl\" ><div class='av-inner-masonry-sizer'><\/div><figure class='av-inner-masonry main_color'><div class=\"av-masonry-outerimage-container\"><div class='av-masonry-image-container' style=\"background-image: url(https:\/\/www.abaccointernational.es\/wp-content\/uploads\/2018\/06\/Cambados-Win-Cellar-Galica-705x529.jpg);\"  title=\"Wine cellar in Cambados, Galicia\" ><\/div><\/div><figcaption class='av-inner-masonry-content site-background'><div class='av-inner-masonry-content-pos'><div class='av-inner-masonry-content-pos-content'><div class='avia-arrow'><\/div><h3 class='av-masonry-entry-title entry-title '  itemprop=\"headline\" >Wine cellar in Cambados, Galicia<\/h3><\/div><\/div><\/figcaption><\/figure><\/a><!--end av-masonry entry--><a href=\"https:\/\/www.abaccointernational.es\/wp-content\/uploads\/2018\/06\/Santiago-de-compostela-1.jpg\" data-srcset=\"https:\/\/www.abaccointernational.es\/wp-content\/uploads\/2018\/06\/Santiago-de-compostela-1.jpg 640w, https:\/\/www.abaccointernational.es\/wp-content\/uploads\/2018\/06\/Santiago-de-compostela-1-300x225.jpg 300w, https:\/\/www.abaccointernational.es\/wp-content\/uploads\/2018\/06\/Santiago-de-compostela-1-450x338.jpg 450w\" data-sizes=\"(max-width: 640px) 100vw, 640px\"  aria-label=\"image Santiago de Compostela, Galicia\"  id='av-masonry-1-item-2645' data-av-masonry-item='2645' class='av-masonry-entry isotope-item post-2645 attachment type-attachment status-inherit hentry  av-masonry-item-with-image' title=\"Santiago de Compostela, Galicia\" alt=\"\"    itemprop=\"thumbnailUrl\" ><div class='av-inner-masonry-sizer'><\/div><figure class='av-inner-masonry main_color'><div class=\"av-masonry-outerimage-container\"><div class='av-masonry-image-container' style=\"background-image: url(https:\/\/www.abaccointernational.es\/wp-content\/uploads\/2018\/06\/Santiago-de-compostela-1.jpg);\"  title=\"Santiago de Compostela, Galicia\" ><\/div><\/div><figcaption class='av-inner-masonry-content site-background'><div class='av-inner-masonry-content-pos'><div class='av-inner-masonry-content-pos-content'><div class='avia-arrow'><\/div><h3 class='av-masonry-entry-title entry-title '  itemprop=\"headline\" >Santiago de Compostela, Galicia<\/h3><\/div><\/div><\/figcaption><\/figure><\/a><!--end av-masonry entry--><a href=\"https:\/\/www.abaccointernational.es\/wp-content\/uploads\/2018\/06\/Bodega.jpg\" data-srcset=\"https:\/\/www.abaccointernational.es\/wp-content\/uploads\/2018\/06\/Bodega.jpg 640w, https:\/\/www.abaccointernational.es\/wp-content\/uploads\/2018\/06\/Bodega-300x225.jpg 300w, https:\/\/www.abaccointernational.es\/wp-content\/uploads\/2018\/06\/Bodega-450x338.jpg 450w\" data-sizes=\"(max-width: 640px) 100vw, 640px\"  aria-label=\"image Wine Cellar in North of Portugal\"  id='av-masonry-1-item-2646' data-av-masonry-item='2646' class='av-masonry-entry isotope-item post-2646 attachment type-attachment status-inherit hentry  av-masonry-item-with-image' title=\"Wine Cellar in North of Portugal\" alt=\"\"    itemprop=\"thumbnailUrl\" ><div class='av-inner-masonry-sizer'><\/div><figure class='av-inner-masonry main_color'><div class=\"av-masonry-outerimage-container\"><div class='av-masonry-image-container' style=\"background-image: url(https:\/\/www.abaccointernational.es\/wp-content\/uploads\/2018\/06\/Bodega.jpg);\"  title=\"Wine Cellar in North of Portugal\" ><\/div><\/div><figcaption class='av-inner-masonry-content site-background'><div class='av-inner-masonry-content-pos'><div class='av-inner-masonry-content-pos-content'><div class='avia-arrow'><\/div><h3 class='av-masonry-entry-title entry-title '  itemprop=\"headline\" >Wine Cellar in North of Portugal<\/h3><\/div><\/div><\/figcaption><\/figure><\/a><!--end av-masonry entry--><a href=\"https:\/\/www.abaccointernational.es\/wp-content\/uploads\/2018\/06\/A-toxa-Island-O-Grove-Galicia.jpg\" data-srcset=\"https:\/\/www.abaccointernational.es\/wp-content\/uploads\/2018\/06\/A-toxa-Island-O-Grove-Galicia.jpg 640w, https:\/\/www.abaccointernational.es\/wp-content\/uploads\/2018\/06\/A-toxa-Island-O-Grove-Galicia-300x225.jpg 300w, https:\/\/www.abaccointernational.es\/wp-content\/uploads\/2018\/06\/A-toxa-Island-O-Grove-Galicia-450x338.jpg 450w\" data-sizes=\"(max-width: 640px) 100vw, 640px\"  aria-label=\"image A Toxa Island &#8211; O Grove, Galicia\"  id='av-masonry-1-item-2642' data-av-masonry-item='2642' class='av-masonry-entry isotope-item post-2642 attachment type-attachment status-inherit hentry  av-masonry-item-with-image' title=\"A Toxa Island &#8211; O Grove, Galicia\" alt=\"\"    itemprop=\"thumbnailUrl\" ><div class='av-inner-masonry-sizer'><\/div><figure class='av-inner-masonry main_color'><div class=\"av-masonry-outerimage-container\"><div class='av-masonry-image-container' style=\"background-image: url(https:\/\/www.abaccointernational.es\/wp-content\/uploads\/2018\/06\/A-toxa-Island-O-Grove-Galicia.jpg);\"  title=\"A Toxa Island &#8211; O Grove, Galicia\" ><\/div><\/div><figcaption class='av-inner-masonry-content site-background'><div class='av-inner-masonry-content-pos'><div class='av-inner-masonry-content-pos-content'><div class='avia-arrow'><\/div><h3 class='av-masonry-entry-title entry-title '  itemprop=\"headline\" >A Toxa Island &#8211; O Grove, Galicia<\/h3><\/div><\/div><\/figcaption><\/figure><\/a><!--end av-masonry entry--><\/div><\/div>\n<div id='av_section_2'  class='avia-section av-ji3ta8w4-da37c5fef5f572fb762188313ad77d02 main_color avia-section-default avia-no-border-styling  avia-builder-el-5  el_after_av_masonry_gallery  el_before_av_iconlist  avia-bg-style-scroll container_wrap sidebar_right'  ><div class='container av-section-cont-open' ><div class='template-page content  av-content-small alpha units'><div class='post-entry post-entry-type-page post-entry-2968'><div class='entry-content-wrapper clearfix'>\n\n<style type=\"text\/css\" data-created_by=\"avia_inline_auto\" id=\"style-css-av-cpvgo-984f2fdf1ba3152311784538e1489c30\">\n.flex_column.av-cpvgo-984f2fdf1ba3152311784538e1489c30{\nborder-radius:0px 0px 0px 0px;\npadding:0px 0px 0px 0px;\n}\n<\/style>\n<div  class='flex_column av-cpvgo-984f2fdf1ba3152311784538e1489c30 av_three_fourth  avia-builder-el-6  el_before_av_one_fourth  avia-builder-el-first  first flex_column_div av-zero-column-padding  '     ><section  class='av_textblock_section av-37eqq-4dea821c3cc57dfa176a74c1756be57f '   itemscope=\"itemscope\" itemtype=\"https:\/\/schema.org\/CreativeWork\" ><div class='avia_textblock'  itemprop=\"text\" ><h2><strong>Experiencia enol\u00f3gica en Galicia y norte de Portugal <\/strong><\/h2>\n<p>Intenso tour de 6 d\u00edas de duraci\u00f3n, enfocado en la cultura del vino de las regiones del Atl\u00e1ntico Norte de la Pen\u00ednsula Ib\u00e9rica. El viaje puede empezar y finalizar en Oporto o en Santiago de Compostela. La distancia entre los dos aeropuertos es tan solo de 230 km\/143 millas.<\/p>\n<p>Estas regiones tienen algunas caracter\u00edsticas comunes como el clima h\u00famedo, su gente trabajadora, la similitud de sus idiomas, su sentido del humor, sus excelentes vinos\u2026<\/p>\n<p>Los aspectos m\u00e1s destacados del tour son:<\/p>\n<ul>\n<li>Visitas y catas de vino en diferentes bodegas de Portugal: Oporto, Regi\u00f3n del Duero<\/li>\n<li>Visitas de fincas y bodegas en Galicia: D.O. Ribeiro y D.O. Ribeira Sacra<\/li>\n<li>Paseo urbano en el casco antiguo de Oporto<\/li>\n<li>Paseo en barca para conocer el cultivo de mejillones en una r\u00eda gallega con una degustaci\u00f3n a bordo<\/li>\n<li>Descubrir la magn\u00edfica vista de Santiago desde la azotea de la catedral<\/li>\n<li>Visita de algunos de los magn\u00edficos jardines de pazos y casas se\u00f1oriales en Galicia<\/li>\n<\/ul>\n<\/div><\/section><\/div>\n<style type=\"text\/css\" data-created_by=\"avia_inline_auto\" id=\"style-css-av-kbmeg-d91859c020c0901fd7077565017f6d00\">\n.flex_column.av-kbmeg-d91859c020c0901fd7077565017f6d00{\nborder-radius:0px 0px 0px 0px;\npadding:0px 0px 0px 0px;\n}\n<\/style>\n<div  class='flex_column av-kbmeg-d91859c020c0901fd7077565017f6d00 av_one_fourth  avia-builder-el-8  el_after_av_three_fourth  avia-builder-el-last  flex_column_div av-animated-generic pop-up av-zero-column-padding  '     ><div  class='avia-button-wrap av-jhx9ngwl-7c801b4a494b9b024ddc37bf919e191e-wrap avia-button-center  avia-builder-el-9  avia-builder-el-no-sibling '>\n<style type=\"text\/css\" data-created_by=\"avia_inline_auto\" id=\"style-css-av-jhx9ngwl-7c801b4a494b9b024ddc37bf919e191e\">\n#top #wrap_all .avia-button.av-jhx9ngwl-7c801b4a494b9b024ddc37bf919e191e{\nbackground-color:#004c99;\nborder-color:#004c99;\ncolor:#ffffff;\ntransition:all 0.4s ease-in-out;\n}\n#top #wrap_all .avia-button.av-jhx9ngwl-7c801b4a494b9b024ddc37bf919e191e .avia-svg-icon svg:first-child{\nfill:#ffffff;\nstroke:#ffffff;\n}\n<\/style>\n<a href='https:\/\/www.abaccointernational.es\/es\/solicitar-presupuesto\/'  class='avia-button av-jhx9ngwl-7c801b4a494b9b024ddc37bf919e191e av-link-btn avia-icon_select-yes-left-icon avia-size-x-large avia-position-center'  target=\"_blank\"  rel=\"noopener noreferrer\"  aria-label=\"Solicitar presupuesto\"><span class='avia_button_icon avia_button_icon_left avia-iconfont avia-font-entypo-fontello' data-av_icon='\ue805' data-av_iconfont='entypo-fontello' ><\/span><span class='avia_iconbox_title' >Solicitar presupuesto<\/span><\/a><\/div><\/div>\n<\/div><\/div><\/main><!-- close content main element --><\/div><\/div><div id='after_section_2'  class='main_color av_default_container_wrap container_wrap sidebar_right'  ><div class='container av-section-cont-open' ><div class='template-page content  av-content-small alpha units'><div class='post-entry post-entry-type-page post-entry-2968'><div class='entry-content-wrapper clearfix'>\n\n<style type=\"text\/css\" data-created_by=\"avia_inline_auto\" id=\"style-css-av-88t94i-e7b53f21bec7275cf1b850629195ef4e\">\n#top .avia-icon-list-container.av-88t94i-e7b53f21bec7275cf1b850629195ef4e .iconlist_icon{\ncolor:#ffffff;\nbackground-color:#004d99;\n}\n#top .avia-icon-list-container.av-88t94i-e7b53f21bec7275cf1b850629195ef4e .iconlist_icon svg:first-child{\nstroke:#ffffff;\nfill:#ffffff;\n}\n#top #wrap_all .avia-icon-list-container.av-88t94i-e7b53f21bec7275cf1b850629195ef4e .av_iconlist_title{\ncolor:#004d99;\n}\n<\/style>\n<div  class='avia-icon-list-container av-88t94i-e7b53f21bec7275cf1b850629195ef4e  avia-builder-el-10  el_after_av_section  el_before_av_submenu  avia-builder-el-no-sibling '><ul class='avia-icon-list avia_animate_when_almost_visible avia-icon-list-left av-iconlist-small av-88t94i-e7b53f21bec7275cf1b850629195ef4e avia-iconlist-animate'>\n<li><div class='iconlist_icon av-av_iconlist_item-da5b811ae9342678840264a9cbf95444 avia-font-down-hand-1 avia-iconfont avia-font-down-hand-1'><span class='av-icon-char' data-av_icon='\ue800' data-av_iconfont='down-hand-1' aria-hidden=\"true\"><\/span><\/div><article class=\"article-icon-entry av-iconlist-empty\"  itemscope=\"itemscope\" itemtype=\"https:\/\/schema.org\/CreativeWork\" ><div class=\"iconlist_content_wrap\"><header class=\"entry-content-header\" aria-label=\"Icon: &lt;strong&gt;Descubre otros programas:&lt;\/strong&gt;\"><div class='av_iconlist_title iconlist_title_small  av_inherit_color'  itemprop=\"headline\" ><strong>Descubre otros programas:<\/strong><\/div><\/header><div class='iconlist_content '  itemprop=\"text\" ><\/div><\/div><footer class=\"entry-footer\"><\/footer><\/article><div class=\"iconlist-timeline\"><\/div><\/li>\n<\/ul><\/div>\n<\/div><\/div><\/div><!-- close content main div --><\/div><\/div><div class='clear'><\/div><div id='sub_menu1'  class='av-submenu-container av-jk8zcx4v-a9a791c088b03accf883eed663060cce main_color  avia-builder-el-11  el_after_av_iconlist  el_before_av_section  av-sticky-submenu submenu-not-first container_wrap sidebar_right' style='z-index:301' ><div class='container av-menu-mobile-disabled av-submenu-pos-center'><ul id=\"menu-programas-esp\" class=\"av-subnav-menu\" role=\"menu\"><li role=\"menuitem\" id=\"menu-item-3106\" class=\"menu-item menu-item-type-post_type menu-item-object-portfolio menu-item-top-level menu-item-top-level-1\"><a href=\"https:\/\/www.abaccointernational.es\/es\/trip\/ruta-de-vinos-en-galicia-y-norte-de-portugal\/\" itemprop=\"url\" tabindex=\"0\"><span class=\"avia-bullet\"><\/span><span class=\"avia-menu-text\">Ruta de vinos en Galicia y norte de Portugal<\/span><span class=\"avia-menu-fx\"><span class=\"avia-arrow-wrap\"><span class=\"avia-arrow\"><\/span><\/span><\/span><\/a><\/li>\n<li role=\"menuitem\" id=\"menu-item-3105\" class=\"menu-item menu-item-type-post_type menu-item-object-portfolio menu-item-top-level menu-item-top-level-2\"><a href=\"https:\/\/www.abaccointernational.es\/es\/trip\/observacion-de-animales-en-andalucia\/\" itemprop=\"url\" tabindex=\"0\"><span class=\"avia-bullet\"><\/span><span class=\"avia-menu-text\">Observaci\u00f3n de Animales en Andaluc\u00eda<\/span><span class=\"avia-menu-fx\"><span class=\"avia-arrow-wrap\"><span class=\"avia-arrow\"><\/span><\/span><\/span><\/a><\/li>\n<li role=\"menuitem\" id=\"menu-item-3104\" class=\"menu-item menu-item-type-post_type menu-item-object-portfolio menu-item-top-level menu-item-top-level-3\"><a href=\"https:\/\/www.abaccointernational.es\/es\/trip\/herencia-arabe-en-andalucia\/\" itemprop=\"url\" tabindex=\"0\"><span class=\"avia-bullet\"><\/span><span class=\"avia-menu-text\">Herencia \u00e1rabe en Andaluc\u00eda<\/span><span class=\"avia-menu-fx\"><span class=\"avia-arrow-wrap\"><span class=\"avia-arrow\"><\/span><\/span><\/span><\/a><\/li>\n<li role=\"menuitem\" id=\"menu-item-3102\" class=\"menu-item menu-item-type-post_type menu-item-object-portfolio menu-item-top-level menu-item-top-level-4\"><a href=\"https:\/\/www.abaccointernational.es\/es\/trip\/experiencia-catalana\/\" itemprop=\"url\" tabindex=\"0\"><span class=\"avia-bullet\"><\/span><span class=\"avia-menu-text\">Experiencia catalana<\/span><span class=\"avia-menu-fx\"><span class=\"avia-arrow-wrap\"><span class=\"avia-arrow\"><\/span><\/span><\/span><\/a><\/li>\n<li role=\"menuitem\" id=\"menu-item-3107\" class=\"menu-item menu-item-type-post_type menu-item-object-portfolio menu-item-top-level menu-item-top-level-5\"><a href=\"https:\/\/www.abaccointernational.es\/es\/trip\/ruta-ignaciana\/\" itemprop=\"url\" tabindex=\"0\"><span class=\"avia-bullet\"><\/span><span class=\"avia-menu-text\">Ruta ignaciana<\/span><span class=\"avia-menu-fx\"><span class=\"avia-arrow-wrap\"><span class=\"avia-arrow\"><\/span><\/span><\/span><\/a><\/li>\n<li role=\"menuitem\" id=\"menu-item-3103\" class=\"menu-item menu-item-type-post_type menu-item-object-portfolio menu-item-top-level menu-item-top-level-6\"><a href=\"https:\/\/www.abaccointernational.es\/es\/trip\/fin-de-semana-de-celebracion-en-barcelona\/\" itemprop=\"url\" tabindex=\"0\"><span class=\"avia-bullet\"><\/span><span class=\"avia-menu-text\">Fin de semana de celebraci\u00f3n en Barcelona<\/span><span class=\"avia-menu-fx\"><span class=\"avia-arrow-wrap\"><span class=\"avia-arrow\"><\/span><\/span><\/span><\/a><\/li>\n<li role=\"menuitem\" id=\"menu-item-3101\" class=\"menu-item menu-item-type-post_type menu-item-object-portfolio menu-item-top-level menu-item-top-level-7\"><a href=\"https:\/\/www.abaccointernational.es\/es\/trip\/descubriendo-madrid-y-castilla\/\" itemprop=\"url\" tabindex=\"0\"><span class=\"avia-bullet\"><\/span><span class=\"avia-menu-text\">Descubriendo Madrid y Castilla<\/span><span class=\"avia-menu-fx\"><span class=\"avia-arrow-wrap\"><span class=\"avia-arrow\"><\/span><\/span><\/span><\/a><\/li>\n<li role=\"menuitem\" id=\"menu-item-3100\" class=\"menu-item menu-item-type-post_type menu-item-object-portfolio menu-item-top-level menu-item-top-level-8\"><a href=\"https:\/\/www.abaccointernational.es\/es\/trip\/cataluna-al-norte-y-sur-de-los-pirineos\/\" itemprop=\"url\" tabindex=\"0\"><span class=\"avia-bullet\"><\/span><span class=\"avia-menu-text\">Catalu\u00f1a, al norte y sur de los Pirineos<\/span><span class=\"avia-menu-fx\"><span class=\"avia-arrow-wrap\"><span class=\"avia-arrow\"><\/span><\/span><\/span><\/a><\/li>\n<\/ul><\/div><\/div><div class='sticky_placeholder'><\/div>\n\n<style type=\"text\/css\" data-created_by=\"avia_inline_auto\" id=\"style-css-av-ji5dvu09-795a841ceb380f75ff7a4276b10dc773\">\n.avia-section.av-ji5dvu09-795a841ceb380f75ff7a4276b10dc773{\nbackground-color:#f9f9f9;\nbackground-image:url(https:\/\/www.abaccointernational.es\/wp-content\/uploads\/2018\/09\/pattern-mail-80x80.png);\nbackground-repeat:repeat;\nbackground-position:0% 0%;\nbackground-attachment:scroll;\n}\n<\/style>\n<div id='av_section_3'  class='avia-section av-ji5dvu09-795a841ceb380f75ff7a4276b10dc773 main_color avia-section-default avia-no-border-styling  avia-builder-el-12  el_after_av_submenu  avia-builder-el-last  avia-bg-style-scroll container_wrap sidebar_right'  data-section-bg-repeat='repeat'><div class='container av-section-cont-open' ><div class='template-page content  av-content-small alpha units'><div class='post-entry post-entry-type-page post-entry-2968'><div class='entry-content-wrapper clearfix'>\n\n<style type=\"text\/css\" data-created_by=\"avia_inline_auto\" id=\"style-css-av-24ox2-0c6e4fc1b0f5c5037c31196d26755020\">\n.flex_column.av-24ox2-0c6e4fc1b0f5c5037c31196d26755020{\nborder-radius:0px 0px 0px 0px;\npadding:0px 0px 0px 0px;\n}\n<\/style>\n<div  class='flex_column av-24ox2-0c6e4fc1b0f5c5037c31196d26755020 av_one_fifth  avia-builder-el-13  el_before_av_three_fifth  avia-builder-el-first  first flex_column_div av-zero-column-padding  '     ><\/div>\n<style type=\"text\/css\" data-created_by=\"avia_inline_auto\" id=\"style-css-av-dowpq-847597f5e4531b981529513c2bbfed2c\">\n.flex_column.av-dowpq-847597f5e4531b981529513c2bbfed2c{\nborder-width:1px;\nborder-color:#222222;\nborder-style:solid;\nborder-radius:10px 10px 10px 10px;\npadding:30px 0px 30px 0px;\nbackground-color:#fcfcfc;\n}\n<\/style>\n<div  class='flex_column av-dowpq-847597f5e4531b981529513c2bbfed2c av_three_fifth  avia-builder-el-14  el_after_av_one_fifth  el_before_av_one_fifth  flex_column_div  '     ><p>\n<style type=\"text\/css\" data-created_by=\"avia_inline_auto\" id=\"style-css-av-ji5e52mn-87037dae708a031d0e7c4e5ee5e76c5f\">\n#top .av-rotator-container.av-ji5e52mn-87037dae708a031d0e7c4e5ee5e76c5f{\ntext-align:center;\nmargin:0 0 10px 0;\n}\n<\/style>\n<div  class='av-rotator-container av-rotation-container-center av-ji5e52mn-87037dae708a031d0e7c4e5ee5e76c5f  avia-builder-el-15  el_before_av_button  avia-builder-el-first  av-fixed-rotator-width' data-interval='5' data-animation='1' data-fixWidth='1'><h3 class='av-rotator-container-inner'>Si necesita m\u00e1s informaci\u00f3n,<span class='av-rotator-text av-rotator-multiline-on'>\n<span class='av-rotator-text-single av-3o1kr8-512f85a4e1a37806402f949d20e1c08f av-rotator-text-single-1' >por favor,<\/span>\n<span class='av-rotator-text-single av-2umrh0-cc329df07e48b4cebd0fcc4cb395c9cb av-rotator-text-single-2' >\u00a1Cont\u00e1ctenos!<\/span>\n<\/span><\/h3><\/div><br \/>\n<div  class='avia-button-wrap av-amnku-57fafbb6ce14780ada1416fd05631c12-wrap avia-button-center  avia-builder-el-16  el_after_av_headline_rotator  avia-builder-el-last '><a href='https:\/\/www.abaccointernational.es\/es\/contacto\/'  class='avia-button av-amnku-57fafbb6ce14780ada1416fd05631c12 av-link-btn avia-icon_select-yes-left-icon avia-size-large avia-position-center avia-color-theme-color'   aria-label=\"Contacto\"><span class='avia_button_icon avia_button_icon_left avia-iconfont avia-font-entypo-fontello' data-av_icon='\ue805' data-av_iconfont='entypo-fontello' ><\/span><span class='avia_iconbox_title' >Contacto<\/span><\/a><\/div><\/p><\/div>\n<style type=\"text\/css\" data-created_by=\"avia_inline_auto\" id=\"style-css-av-b43ny-5ac5edbc5a21bd9e476e3f22c3b80750\">\n.flex_column.av-b43ny-5ac5edbc5a21bd9e476e3f22c3b80750{\nborder-radius:0px 0px 0px 0px;\npadding:0px 0px 0px 0px;\n}\n<\/style>\n<div  class='flex_column av-b43ny-5ac5edbc5a21bd9e476e3f22c3b80750 av_one_fifth  avia-builder-el-17  el_after_av_three_fifth  avia-builder-el-last  flex_column_div av-zero-column-padding  '     ><\/div>\n<\/div><\/div><\/div><!-- close content main div --><\/div><\/div><div id='after_section_3'  class='main_color av_default_container_wrap container_wrap sidebar_right'  ><div class='container av-section-cont-open' ><div class='template-page content  av-content-small alpha units'><div class='post-entry post-entry-type-page post-entry-2968'><div class='entry-content-wrapper clearfix'>\n","protected":false},"excerpt":{"rendered":"","protected":false},"author":1,"featured_media":2644,"comment_status":"open","ping_status":"closed","template":"","meta":{"footnotes":""},"tags":[],"portfolio_entries":[88,84],"class_list":["post-2968","portfolio","type-portfolio","status-publish","has-post-thumbnail","hentry","portfolio_entries-ejemplo-viajes-de-incentivo","portfolio_entries-programas"],"yoast_head":"<!-- This site is optimized with the Yoast SEO plugin v27.4 - https:\/\/yoast.com\/product\/yoast-seo-wordpress\/ -->\n<title>Ruta de vinos en Galicia y norte de Portugal - Abacco International<\/title>\n<meta name=\"description\" content=\"Your DMC in Galicia will help you design the best Wine Tour in Galicia and North of Portugal. Use the suggestions and know-how of a local specialist!\" \/>\n<meta name=\"robots\" content=\"index, follow, max-snippet:-1, max-image-preview:large, max-video-preview:-1\" \/>\n<link rel=\"canonical\" href=\"https:\/\/www.abaccointernational.es\/es\/trip\/ruta-de-vinos-en-galicia-y-norte-de-portugal\/\" \/>\n<meta property=\"og:locale\" content=\"es_ES\" \/>\n<meta property=\"og:type\" content=\"article\" \/>\n<meta property=\"og:title\" content=\"Ruta de vinos en Galicia y norte de Portugal - Abacco International\" \/>\n<meta property=\"og:description\" content=\"Your DMC in Galicia will help you design the best Wine Tour in Galicia and North of Portugal. Use the suggestions and know-how of a local specialist!\" \/>\n<meta property=\"og:url\" content=\"https:\/\/www.abaccointernational.es\/es\/trip\/ruta-de-vinos-en-galicia-y-norte-de-portugal\/\" \/>\n<meta property=\"og:site_name\" content=\"Abacco International\" \/>\n<meta property=\"article:modified_time\" content=\"2019-01-23T11:35:07+00:00\" \/>\n<meta property=\"og:image\" content=\"https:\/\/www.abaccointernational.es\/wp-content\/uploads\/2018\/06\/Porto-Nocturno.jpg\" \/>\n\t<meta property=\"og:image:width\" content=\"640\" \/>\n\t<meta property=\"og:image:height\" content=\"480\" \/>\n\t<meta property=\"og:image:type\" content=\"image\/jpeg\" \/>\n<meta name=\"twitter:card\" content=\"summary_large_image\" \/>\n<meta name=\"twitter:label1\" content=\"Tiempo de lectura\" \/>\n\t<meta name=\"twitter:data1\" content=\"8 minutos\" \/>\n<script type=\"application\/ld+json\" class=\"yoast-schema-graph\">{\"@context\":\"https:\\\/\\\/schema.org\",\"@graph\":[{\"@type\":\"WebPage\",\"@id\":\"https:\\\/\\\/www.abaccointernational.es\\\/es\\\/trip\\\/ruta-de-vinos-en-galicia-y-norte-de-portugal\\\/\",\"url\":\"https:\\\/\\\/www.abaccointernational.es\\\/es\\\/trip\\\/ruta-de-vinos-en-galicia-y-norte-de-portugal\\\/\",\"name\":\"Ruta de vinos en Galicia y norte de Portugal - Abacco International\",\"isPartOf\":{\"@id\":\"https:\\\/\\\/www.abaccointernational.es\\\/#website\"},\"primaryImageOfPage\":{\"@id\":\"https:\\\/\\\/www.abaccointernational.es\\\/es\\\/trip\\\/ruta-de-vinos-en-galicia-y-norte-de-portugal\\\/#primaryimage\"},\"image\":{\"@id\":\"https:\\\/\\\/www.abaccointernational.es\\\/es\\\/trip\\\/ruta-de-vinos-en-galicia-y-norte-de-portugal\\\/#primaryimage\"},\"thumbnailUrl\":\"https:\\\/\\\/www.abaccointernational.es\\\/wp-content\\\/uploads\\\/2018\\\/06\\\/Porto-Nocturno.jpg\",\"datePublished\":\"2018-06-07T04:41:31+00:00\",\"dateModified\":\"2019-01-23T11:35:07+00:00\",\"description\":\"Your DMC in Galicia will help you design the best Wine Tour in Galicia and North of Portugal. Use the suggestions and know-how of a local specialist!\",\"breadcrumb\":{\"@id\":\"https:\\\/\\\/www.abaccointernational.es\\\/es\\\/trip\\\/ruta-de-vinos-en-galicia-y-norte-de-portugal\\\/#breadcrumb\"},\"inLanguage\":\"es\",\"potentialAction\":[{\"@type\":\"ReadAction\",\"target\":[\"https:\\\/\\\/www.abaccointernational.es\\\/es\\\/trip\\\/ruta-de-vinos-en-galicia-y-norte-de-portugal\\\/\"]}]},{\"@type\":\"ImageObject\",\"inLanguage\":\"es\",\"@id\":\"https:\\\/\\\/www.abaccointernational.es\\\/es\\\/trip\\\/ruta-de-vinos-en-galicia-y-norte-de-portugal\\\/#primaryimage\",\"url\":\"https:\\\/\\\/www.abaccointernational.es\\\/wp-content\\\/uploads\\\/2018\\\/06\\\/Porto-Nocturno.jpg\",\"contentUrl\":\"https:\\\/\\\/www.abaccointernational.es\\\/wp-content\\\/uploads\\\/2018\\\/06\\\/Porto-Nocturno.jpg\",\"width\":640,\"height\":480},{\"@type\":\"BreadcrumbList\",\"@id\":\"https:\\\/\\\/www.abaccointernational.es\\\/es\\\/trip\\\/ruta-de-vinos-en-galicia-y-norte-de-portugal\\\/#breadcrumb\",\"itemListElement\":[{\"@type\":\"ListItem\",\"position\":1,\"name\":\"Home\",\"item\":\"https:\\\/\\\/www.abaccointernational.es\\\/es\\\/\"},{\"@type\":\"ListItem\",\"position\":2,\"name\":\"Ruta de vinos en Galicia y norte de Portugal\"}]},{\"@type\":\"WebSite\",\"@id\":\"https:\\\/\\\/www.abaccointernational.es\\\/#website\",\"url\":\"https:\\\/\\\/www.abaccointernational.es\\\/\",\"name\":\"Abacco International\",\"description\":\"DMC for Spain And Portugal\",\"potentialAction\":[{\"@type\":\"SearchAction\",\"target\":{\"@type\":\"EntryPoint\",\"urlTemplate\":\"https:\\\/\\\/www.abaccointernational.es\\\/?s={search_term_string}\"},\"query-input\":{\"@type\":\"PropertyValueSpecification\",\"valueRequired\":true,\"valueName\":\"search_term_string\"}}],\"inLanguage\":\"es\"}]}<\/script>\n<!-- \/ Yoast SEO plugin. -->","yoast_head_json":{"title":"Ruta de vinos en Galicia y norte de Portugal - Abacco International","description":"Your DMC in Galicia will help you design the best Wine Tour in Galicia and North of Portugal. Use the suggestions and know-how of a local specialist!","robots":{"index":"index","follow":"follow","max-snippet":"max-snippet:-1","max-image-preview":"max-image-preview:large","max-video-preview":"max-video-preview:-1"},"canonical":"https:\/\/www.abaccointernational.es\/es\/trip\/ruta-de-vinos-en-galicia-y-norte-de-portugal\/","og_locale":"es_ES","og_type":"article","og_title":"Ruta de vinos en Galicia y norte de Portugal - Abacco International","og_description":"Your DMC in Galicia will help you design the best Wine Tour in Galicia and North of Portugal. Use the suggestions and know-how of a local specialist!","og_url":"https:\/\/www.abaccointernational.es\/es\/trip\/ruta-de-vinos-en-galicia-y-norte-de-portugal\/","og_site_name":"Abacco International","article_modified_time":"2019-01-23T11:35:07+00:00","og_image":[{"width":640,"height":480,"url":"https:\/\/www.abaccointernational.es\/wp-content\/uploads\/2018\/06\/Porto-Nocturno.jpg","type":"image\/jpeg"}],"twitter_card":"summary_large_image","twitter_misc":{"Tiempo de lectura":"8 minutos"},"schema":{"@context":"https:\/\/schema.org","@graph":[{"@type":"WebPage","@id":"https:\/\/www.abaccointernational.es\/es\/trip\/ruta-de-vinos-en-galicia-y-norte-de-portugal\/","url":"https:\/\/www.abaccointernational.es\/es\/trip\/ruta-de-vinos-en-galicia-y-norte-de-portugal\/","name":"Ruta de vinos en Galicia y norte de Portugal - Abacco International","isPartOf":{"@id":"https:\/\/www.abaccointernational.es\/#website"},"primaryImageOfPage":{"@id":"https:\/\/www.abaccointernational.es\/es\/trip\/ruta-de-vinos-en-galicia-y-norte-de-portugal\/#primaryimage"},"image":{"@id":"https:\/\/www.abaccointernational.es\/es\/trip\/ruta-de-vinos-en-galicia-y-norte-de-portugal\/#primaryimage"},"thumbnailUrl":"https:\/\/www.abaccointernational.es\/wp-content\/uploads\/2018\/06\/Porto-Nocturno.jpg","datePublished":"2018-06-07T04:41:31+00:00","dateModified":"2019-01-23T11:35:07+00:00","description":"Your DMC in Galicia will help you design the best Wine Tour in Galicia and North of Portugal. Use the suggestions and know-how of a local specialist!","breadcrumb":{"@id":"https:\/\/www.abaccointernational.es\/es\/trip\/ruta-de-vinos-en-galicia-y-norte-de-portugal\/#breadcrumb"},"inLanguage":"es","potentialAction":[{"@type":"ReadAction","target":["https:\/\/www.abaccointernational.es\/es\/trip\/ruta-de-vinos-en-galicia-y-norte-de-portugal\/"]}]},{"@type":"ImageObject","inLanguage":"es","@id":"https:\/\/www.abaccointernational.es\/es\/trip\/ruta-de-vinos-en-galicia-y-norte-de-portugal\/#primaryimage","url":"https:\/\/www.abaccointernational.es\/wp-content\/uploads\/2018\/06\/Porto-Nocturno.jpg","contentUrl":"https:\/\/www.abaccointernational.es\/wp-content\/uploads\/2018\/06\/Porto-Nocturno.jpg","width":640,"height":480},{"@type":"BreadcrumbList","@id":"https:\/\/www.abaccointernational.es\/es\/trip\/ruta-de-vinos-en-galicia-y-norte-de-portugal\/#breadcrumb","itemListElement":[{"@type":"ListItem","position":1,"name":"Home","item":"https:\/\/www.abaccointernational.es\/es\/"},{"@type":"ListItem","position":2,"name":"Ruta de vinos en Galicia y norte de Portugal"}]},{"@type":"WebSite","@id":"https:\/\/www.abaccointernational.es\/#website","url":"https:\/\/www.abaccointernational.es\/","name":"Abacco International","description":"DMC for Spain And Portugal","potentialAction":[{"@type":"SearchAction","target":{"@type":"EntryPoint","urlTemplate":"https:\/\/www.abaccointernational.es\/?s={search_term_string}"},"query-input":{"@type":"PropertyValueSpecification","valueRequired":true,"valueName":"search_term_string"}}],"inLanguage":"es"}]}},"_links":{"self":[{"href":"https:\/\/www.abaccointernational.es\/es\/wp-json\/wp\/v2\/portfolio\/2968","targetHints":{"allow":["GET"]}}],"collection":[{"href":"https:\/\/www.abaccointernational.es\/es\/wp-json\/wp\/v2\/portfolio"}],"about":[{"href":"https:\/\/www.abaccointernational.es\/es\/wp-json\/wp\/v2\/types\/portfolio"}],"author":[{"embeddable":true,"href":"https:\/\/www.abaccointernational.es\/es\/wp-json\/wp\/v2\/users\/1"}],"replies":[{"embeddable":true,"href":"https:\/\/www.abaccointernational.es\/es\/wp-json\/wp\/v2\/comments?post=2968"}],"version-history":[{"count":1,"href":"https:\/\/www.abaccointernational.es\/es\/wp-json\/wp\/v2\/portfolio\/2968\/revisions"}],"predecessor-version":[{"id":3759,"href":"https:\/\/www.abaccointernational.es\/es\/wp-json\/wp\/v2\/portfolio\/2968\/revisions\/3759"}],"wp:featuredmedia":[{"embeddable":true,"href":"https:\/\/www.abaccointernational.es\/es\/wp-json\/wp\/v2\/media\/2644"}],"wp:attachment":[{"href":"https:\/\/www.abaccointernational.es\/es\/wp-json\/wp\/v2\/media?parent=2968"}],"wp:term":[{"taxonomy":"post_tag","embeddable":true,"href":"https:\/\/www.abaccointernational.es\/es\/wp-json\/wp\/v2\/tags?post=2968"},{"taxonomy":"portfolio_entries","embeddable":true,"href":"https:\/\/www.abaccointernational.es\/es\/wp-json\/wp\/v2\/portfolio_entries?post=2968"}],"curies":[{"name":"wp","href":"https:\/\/api.w.org\/{rel}","templated":true}]}}