{"id":2907,"date":"2018-06-01T20:19:37","date_gmt":"2018-06-01T18:19:37","guid":{"rendered":"https:\/\/www.abaccointernational.es\/programs\/"},"modified":"2019-01-23T12:18:30","modified_gmt":"2019-01-23T11:18:30","slug":"programas","status":"publish","type":"page","link":"https:\/\/www.abaccointernational.es\/es\/programas\/","title":{"rendered":"Programas"},"content":{"rendered":"\n<style type=\"text\/css\" data-created_by=\"avia_inline_auto\" id=\"style-css-av-jr93hba4-1642e7798781cb02cd8f7f6ae63a1092\">\n#top .av-special-heading.av-jr93hba4-1642e7798781cb02cd8f7f6ae63a1092{\npadding-bottom:10px;\nfont-size:34px;\n}\nbody .av-special-heading.av-jr93hba4-1642e7798781cb02cd8f7f6ae63a1092 .av-special-heading-tag .heading-char{\nfont-size:25px;\n}\n#top #wrap_all .av-special-heading.av-jr93hba4-1642e7798781cb02cd8f7f6ae63a1092 .av-special-heading-tag{\nfont-size:34px;\n}\n.av-special-heading.av-jr93hba4-1642e7798781cb02cd8f7f6ae63a1092 .av-subheading{\nfont-size:15px;\n}\n\n@media only screen and (min-width: 480px) and (max-width: 767px){ \n#top #wrap_all .av-special-heading.av-jr93hba4-1642e7798781cb02cd8f7f6ae63a1092 .av-special-heading-tag{\nfont-size:0.8em;\n}\n}\n\n@media only screen and (max-width: 479px){ \n#top #wrap_all .av-special-heading.av-jr93hba4-1642e7798781cb02cd8f7f6ae63a1092 .av-special-heading-tag{\nfont-size:0.8em;\n}\n}\n<\/style>\n<div  class='av-special-heading av-jr93hba4-1642e7798781cb02cd8f7f6ae63a1092 av-special-heading-h1 meta-heading blockquote modern-quote modern-centered  avia-builder-el-0  el_before_av_font_icon  avia-builder-el-first  av-inherit-size'><h1 class='av-special-heading-tag '  itemprop=\"headline\"  >Programas para viajes en grupo a Espa\u00f1a y Portugal<\/h1><div class=\"special-heading-border\"><div class=\"special-heading-inner-border\"><\/div><\/div><\/div>\n\n<style type=\"text\/css\" data-created_by=\"avia_inline_auto\" id=\"style-css-av-ji3qs52x-447213cac9e35ddc94f5bbf2aa6791f0\">\n.av_font_icon.av-ji3qs52x-447213cac9e35ddc94f5bbf2aa6791f0{\ncolor:#333333;\nborder-color:#333333;\n}\n.avia-svg-icon.av-ji3qs52x-447213cac9e35ddc94f5bbf2aa6791f0 svg:first-child{\nstroke:#333333;\nfill:#333333;\n}\n.av_font_icon.av-ji3qs52x-447213cac9e35ddc94f5bbf2aa6791f0 .av-icon-char{\nfont-size:34px;\nline-height:34px;\n}\n<\/style>\n<span  class='av_font_icon av-ji3qs52x-447213cac9e35ddc94f5bbf2aa6791f0 avia_animate_when_visible av-icon-style- avia-icon-pos-center avia-iconfont avia-font-entypo-fontello avia-icon-animate'><span class='av-icon-char' data-av_icon='\ue843' data-av_iconfont='entypo-fontello' aria-hidden=\"true\" ><\/span><\/span>\n<section  class='av_textblock_section av-jk8lgo2k-1cbd0d88ffefa5a74a96f064b2acb9d2 '   itemscope=\"itemscope\" itemtype=\"https:\/\/schema.org\/CreativeWork\" ><div class='avia_textblock'  itemprop=\"text\" ><p style=\"text-align: center;\">Unas veces nuestros clientes ya tienen una idea clara de los itinerarios y servicios que se requieren y se dirigen a nosotros con programas bien definidos de viajes para grupos por Espa\u00f1a y Portugal. Otras veces, en cambio, necesitan nuestras sugerencias para poder cumplir con los requisitos del grupo.<\/p>\n<p style=\"text-align: center;\">Recomendar el viaje m\u00e1s adecuado en funci\u00f3n de los intereses y expectativas de los viajeros tambi\u00e9n forma parte de nuestro trabajo. No dudes <a href=\"https:\/\/www.abaccointernational.es\/es\/contacto\/\"><u>en solicitar nuestra asistencia<\/u><\/a>, ya que \u00a1esa es nuestra especialidad!<\/p>\n<p style=\"text-align: center;\">Explora algunos de nuestros breves programas de ejemplo para inspirarte, o crea tu propio programa. Indica tus requisitos y preferencias y <u>obt\u00e9n nuestras cotizaciones<\/u> (link a pide tu presupuesto) m\u00e1s competitivas.<\/p>\n<\/div><\/section>\n<div  id=\"av-sc-portfolio-1\"  class=' grid-sort-container isotope   no_margin-container with-title-container grid-total-odd grid-col-3 grid-links-' data-portfolio-id='1'><div data-ajax-id='2966' class=' grid-entry flex_column isotope-item all_sort no_margin post-entry post-entry-2966 grid-entry-overview grid-loop-1 grid-parity-odd  ejemplo-viajes-culturales_sort programas_sort  av_one_third first default_av_fullwidth '><article class='main_color inner-entry'  itemscope=\"itemscope\" itemtype=\"https:\/\/schema.org\/CreativeWork\" ><a href=\"https:\/\/www.abaccointernational.es\/es\/trip\/inmersion-cultural-en-madrid\/\" title='Inmersi\u00f3n Cultural en Madrid'  data-rel='grid-1' class='grid-image avia-hover-fx'> <img decoding=\"async\" fetchpriority=\"high\" width=\"640\" height=\"375\" src=\"https:\/\/www.abaccointernational.es\/wp-content\/uploads\/2018\/06\/Cultural-Experience-Madrid-Vista-Nocturna-Trafico-640x375.jpg\" class=\"wp-image-2641 avia-img-lazy-loading-not-2641 attachment-magazine size-magazine wp-post-image\" alt=\"\" \/><\/a><div class='grid-content'><div class='avia-arrow'><\/div><header class=\"entry-content-header\" aria-label=\"Portfolio: Inmersi\u00f3n Cultural en Madrid\"><h3 class='grid-entry-title entry-title '  itemprop=\"headline\" ><a href='https:\/\/www.abaccointernational.es\/es\/trip\/inmersion-cultural-en-madrid\/' title='Inmersi\u00f3n Cultural en Madrid'>Inmersi\u00f3n Cultural en Madrid<\/a><\/h3><\/header><\/div><footer class=\"entry-footer\"><\/footer><\/article><\/div><div data-ajax-id='2968' class=' grid-entry flex_column isotope-item all_sort no_margin post-entry post-entry-2968 grid-entry-overview grid-loop-2 grid-parity-even  ejemplo-viajes-de-incentivo_sort programas_sort  av_one_third  default_av_fullwidth '><article class='main_color inner-entry'  itemscope=\"itemscope\" itemtype=\"https:\/\/schema.org\/CreativeWork\" ><a href=\"https:\/\/www.abaccointernational.es\/es\/trip\/ruta-de-vinos-en-galicia-y-norte-de-portugal\/\" title='Ruta de vinos en Galicia y norte de Portugal'  data-rel='grid-1' class='grid-image avia-hover-fx'> <img decoding=\"async\" fetchpriority=\"high\" width=\"640\" height=\"375\" src=\"https:\/\/www.abaccointernational.es\/wp-content\/uploads\/2018\/06\/Porto-Nocturno-640x375.jpg\" class=\"wp-image-2644 avia-img-lazy-loading-not-2644 attachment-magazine size-magazine wp-post-image\" alt=\"\" \/><\/a><div class='grid-content'><div class='avia-arrow'><\/div><header class=\"entry-content-header\" aria-label=\"Portfolio: Ruta de vinos en Galicia y norte de Portugal\"><h3 class='grid-entry-title entry-title '  itemprop=\"headline\" ><a href='https:\/\/www.abaccointernational.es\/es\/trip\/ruta-de-vinos-en-galicia-y-norte-de-portugal\/' title='Ruta de vinos en Galicia y norte de Portugal'>Ruta de vinos en Galicia y norte de Portugal<\/a><\/h3><\/header><\/div><footer class=\"entry-footer\"><\/footer><\/article><\/div><div data-ajax-id='2969' class=' grid-entry flex_column isotope-item all_sort no_margin post-entry post-entry-2969 grid-entry-overview grid-loop-3 grid-parity-odd  ejamplo-viajes-tematicos_sort programas_sort  av_one_third  default_av_fullwidth '><article class='main_color inner-entry'  itemscope=\"itemscope\" itemtype=\"https:\/\/schema.org\/CreativeWork\" ><a href=\"https:\/\/www.abaccointernational.es\/es\/trip\/observacion-de-animales-en-andalucia\/\" title='Observaci\u00f3n de Animales en Andaluc\u00eda'  data-rel='grid-1' class='grid-image avia-hover-fx'> <img decoding=\"async\" fetchpriority=\"high\" width=\"640\" height=\"375\" src=\"https:\/\/www.abaccointernational.es\/wp-content\/uploads\/2018\/06\/dolphin-Animal-Watching-Andalusia-640x375.jpg\" class=\"wp-image-2671 avia-img-lazy-loading-not-2671 attachment-magazine size-magazine wp-post-image\" alt=\"\" \/><\/a><div class='grid-content'><div class='avia-arrow'><\/div><header class=\"entry-content-header\" aria-label=\"Portfolio: Observaci\u00f3n de Animales en Andaluc\u00eda\"><h3 class='grid-entry-title entry-title '  itemprop=\"headline\" ><a href='https:\/\/www.abaccointernational.es\/es\/trip\/observacion-de-animales-en-andalucia\/' title='Observaci\u00f3n de Animales en Andaluc\u00eda'>Observaci\u00f3n de Animales en Andaluc\u00eda<\/a><\/h3><\/header><\/div><footer class=\"entry-footer\"><\/footer><\/article><\/div><div data-ajax-id='2978' class=' grid-entry flex_column isotope-item all_sort no_margin post-entry post-entry-2978 grid-entry-overview grid-loop-4 grid-parity-even  ejemplo-viajes-a-medida_sort programas_sort  av_one_third first default_av_fullwidth '><article class='main_color inner-entry'  itemscope=\"itemscope\" itemtype=\"https:\/\/schema.org\/CreativeWork\" ><a href=\"https:\/\/www.abaccointernational.es\/es\/trip\/herencia-arabe-en-andalucia\/\" title='Herencia \u00e1rabe en Andaluc\u00eda'  data-rel='grid-1' class='grid-image avia-hover-fx'> <img decoding=\"async\" fetchpriority=\"high\" width=\"640\" height=\"375\" src=\"https:\/\/www.abaccointernational.es\/wp-content\/uploads\/2018\/06\/Alhambra-Sevilla-640x375.jpg\" class=\"wp-image-2670 avia-img-lazy-loading-not-2670 attachment-magazine size-magazine wp-post-image\" alt=\"\" \/><\/a><div class='grid-content'><div class='avia-arrow'><\/div><header class=\"entry-content-header\" aria-label=\"Portfolio: Herencia \u00e1rabe en Andaluc\u00eda\"><h3 class='grid-entry-title entry-title '  itemprop=\"headline\" ><a href='https:\/\/www.abaccointernational.es\/es\/trip\/herencia-arabe-en-andalucia\/' title='Herencia \u00e1rabe en Andaluc\u00eda'>Herencia \u00e1rabe en Andaluc\u00eda<\/a><\/h3><\/header><\/div><footer class=\"entry-footer\"><\/footer><\/article><\/div><div data-ajax-id='2980' class=' grid-entry flex_column isotope-item all_sort no_margin post-entry post-entry-2980 grid-entry-overview grid-loop-5 grid-parity-odd  ejemplo-grupos-de-estudiantes_sort programas_sort  av_one_third  default_av_fullwidth '><article class='main_color inner-entry'  itemscope=\"itemscope\" itemtype=\"https:\/\/schema.org\/CreativeWork\" ><a href=\"https:\/\/www.abaccointernational.es\/es\/trip\/experiencia-catalana\/\" title='Experiencia catalana'  data-rel='grid-1' class='grid-image avia-hover-fx'> <img decoding=\"async\" fetchpriority=\"high\" width=\"640\" height=\"375\" src=\"https:\/\/www.abaccointernational.es\/wp-content\/uploads\/2018\/06\/Lloret-Costa-Brava-Catalan-Tour-Experience-640x375.jpg\" class=\"wp-image-2677 avia-img-lazy-loading-not-2677 attachment-magazine size-magazine wp-post-image\" alt=\"\" \/><\/a><div class='grid-content'><div class='avia-arrow'><\/div><header class=\"entry-content-header\" aria-label=\"Portfolio: Experiencia catalana\"><h3 class='grid-entry-title entry-title '  itemprop=\"headline\" ><a href='https:\/\/www.abaccointernational.es\/es\/trip\/experiencia-catalana\/' title='Experiencia catalana'>Experiencia catalana<\/a><\/h3><\/header><\/div><footer class=\"entry-footer\"><\/footer><\/article><\/div><div data-ajax-id='2981' class=' grid-entry flex_column isotope-item all_sort no_margin post-entry post-entry-2981 grid-entry-overview grid-loop-6 grid-parity-even  ejemplo-peregrinaciones-y-viajes-religiosos_sort programas_sort  av_one_third  default_av_fullwidth '><article class='main_color inner-entry'  itemscope=\"itemscope\" itemtype=\"https:\/\/schema.org\/CreativeWork\" ><a href=\"https:\/\/www.abaccointernational.es\/es\/trip\/ruta-ignaciana\/\" title='Ruta ignaciana'  data-rel='grid-1' class='grid-image avia-hover-fx'> <img decoding=\"async\" fetchpriority=\"high\" width=\"640\" height=\"375\" src=\"https:\/\/www.abaccointernational.es\/wp-content\/uploads\/2018\/07\/Castle-Xavier-Navarra--640x375.jpg\" class=\"wp-image-2657 avia-img-lazy-loading-not-2657 attachment-magazine size-magazine wp-post-image\" alt=\"\" \/><\/a><div class='grid-content'><div class='avia-arrow'><\/div><header class=\"entry-content-header\" aria-label=\"Portfolio: Ruta ignaciana\"><h3 class='grid-entry-title entry-title '  itemprop=\"headline\" ><a href='https:\/\/www.abaccointernational.es\/es\/trip\/ruta-ignaciana\/' title='Ruta ignaciana'>Ruta ignaciana<\/a><\/h3><\/header><\/div><footer class=\"entry-footer\"><\/footer><\/article><\/div><div data-ajax-id='2984' class=' grid-entry flex_column isotope-item all_sort no_margin post-entry post-entry-2984 grid-entry-overview grid-loop-7 grid-parity-odd  ejemplo-eventos-grupos_sort programas_sort  av_one_third first default_av_fullwidth '><article class='main_color inner-entry'  itemscope=\"itemscope\" itemtype=\"https:\/\/schema.org\/CreativeWork\" ><a href=\"https:\/\/www.abaccointernational.es\/es\/trip\/fin-de-semana-de-celebracion-en-barcelona\/\" title='Fin de semana de celebraci\u00f3n en Barcelona'  data-rel='grid-1' class='grid-image avia-hover-fx'> <img decoding=\"async\" fetchpriority=\"high\" width=\"640\" height=\"375\" src=\"https:\/\/www.abaccointernational.es\/wp-content\/uploads\/2018\/07\/Barcelona-port-640x375.jpg\" class=\"wp-image-2658 avia-img-lazy-loading-not-2658 attachment-magazine size-magazine wp-post-image\" alt=\"\" \/><\/a><div class='grid-content'><div class='avia-arrow'><\/div><header class=\"entry-content-header\" aria-label=\"Portfolio: Fin de semana de celebraci\u00f3n en Barcelona\"><h3 class='grid-entry-title entry-title '  itemprop=\"headline\" ><a href='https:\/\/www.abaccointernational.es\/es\/trip\/fin-de-semana-de-celebracion-en-barcelona\/' title='Fin de semana de celebraci\u00f3n en Barcelona'>Fin de semana de celebraci\u00f3n en Barcelona<\/a><\/h3><\/header><\/div><footer class=\"entry-footer\"><\/footer><\/article><\/div><div data-ajax-id='2986' class=' grid-entry flex_column isotope-item all_sort no_margin post-entry post-entry-2986 grid-entry-overview grid-loop-8 grid-parity-even  ejemplo-grupos-turisticos_sort programas_sort  av_one_third  default_av_fullwidth '><article class='main_color inner-entry'  itemscope=\"itemscope\" itemtype=\"https:\/\/schema.org\/CreativeWork\" ><a href=\"https:\/\/www.abaccointernational.es\/es\/trip\/descubriendo-madrid-y-castilla\/\" title='Descubriendo Madrid y Castilla'  data-rel='grid-1' class='grid-image avia-hover-fx'> <img decoding=\"async\" fetchpriority=\"high\" width=\"640\" height=\"375\" src=\"https:\/\/www.abaccointernational.es\/wp-content\/uploads\/2018\/07\/Aqueduct-of-Segovia-640x375.jpg\" class=\"wp-image-2662 avia-img-lazy-loading-not-2662 attachment-magazine size-magazine wp-post-image\" alt=\"\" \/><\/a><div class='grid-content'><div class='avia-arrow'><\/div><header class=\"entry-content-header\" aria-label=\"Portfolio: Descubriendo Madrid y Castilla\"><h3 class='grid-entry-title entry-title '  itemprop=\"headline\" ><a href='https:\/\/www.abaccointernational.es\/es\/trip\/descubriendo-madrid-y-castilla\/' title='Descubriendo Madrid y Castilla'>Descubriendo Madrid y Castilla<\/a><\/h3><\/header><\/div><footer class=\"entry-footer\"><\/footer><\/article><\/div><div data-ajax-id='2988' class=' grid-entry flex_column isotope-item all_sort no_margin post-entry post-entry-2988 grid-entry-overview grid-loop-9 grid-parity-odd  post-entry-last  ejemplo-viajes-individuales_sort programas_sort  av_one_third  default_av_fullwidth '><article class='main_color inner-entry'  itemscope=\"itemscope\" itemtype=\"https:\/\/schema.org\/CreativeWork\" ><a href=\"https:\/\/www.abaccointernational.es\/es\/trip\/cataluna-al-norte-y-sur-de-los-pirineos\/\" title='Catalu\u00f1a, al norte y sur de los Pirineos'  data-rel='grid-1' class='grid-image avia-hover-fx'> <img decoding=\"async\" fetchpriority=\"high\" width=\"640\" height=\"375\" src=\"https:\/\/www.abaccointernational.es\/wp-content\/uploads\/2018\/07\/Perpignan-France-640x375.jpg\" class=\"wp-image-2668 avia-img-lazy-loading-not-2668 attachment-magazine size-magazine wp-post-image\" alt=\"\" \/><\/a><div class='grid-content'><div class='avia-arrow'><\/div><header class=\"entry-content-header\" aria-label=\"Portfolio: Catalu\u00f1a, al norte y sur de los Pirineos\"><h3 class='grid-entry-title entry-title '  itemprop=\"headline\" ><a href='https:\/\/www.abaccointernational.es\/es\/trip\/cataluna-al-norte-y-sur-de-los-pirineos\/' title='Catalu\u00f1a, al norte y sur de los Pirineos'>Catalu\u00f1a, al norte y sur de los Pirineos<\/a><\/h3><\/header><\/div><footer class=\"entry-footer\"><\/footer><\/article><\/div><\/div>\n\n<style type=\"text\/css\" data-created_by=\"avia_inline_auto\" id=\"style-css-av-ji5dvu09-795a841ceb380f75ff7a4276b10dc773\">\n.avia-section.av-ji5dvu09-795a841ceb380f75ff7a4276b10dc773{\nbackground-color:#f9f9f9;\nbackground-image:url(https:\/\/www.abaccointernational.es\/wp-content\/uploads\/2018\/09\/pattern-mail-80x80.png);\nbackground-repeat:repeat;\nbackground-position:0% 0%;\nbackground-attachment:scroll;\n}\n<\/style>\n<div id='av_section_1'  class='avia-section av-ji5dvu09-795a841ceb380f75ff7a4276b10dc773 main_color avia-section-default avia-no-border-styling  avia-builder-el-4  el_after_av_portfolio  avia-builder-el-last  avia-bg-style-scroll container_wrap sidebar_right'  data-section-bg-repeat='repeat'><div class='container av-section-cont-open' ><div class='template-page content  av-content-small alpha units'><div class='post-entry post-entry-type-page post-entry-2907'><div class='entry-content-wrapper clearfix'>\n\n<style type=\"text\/css\" data-created_by=\"avia_inline_auto\" id=\"style-css-av-24ox2-0c6e4fc1b0f5c5037c31196d26755020\">\n.flex_column.av-24ox2-0c6e4fc1b0f5c5037c31196d26755020{\nborder-radius:0px 0px 0px 0px;\npadding:0px 0px 0px 0px;\n}\n<\/style>\n<div  class='flex_column av-24ox2-0c6e4fc1b0f5c5037c31196d26755020 av_one_fifth  avia-builder-el-5  el_before_av_three_fifth  avia-builder-el-first  first flex_column_div av-zero-column-padding  '     ><\/div>\n<style type=\"text\/css\" data-created_by=\"avia_inline_auto\" id=\"style-css-av-dowpq-847597f5e4531b981529513c2bbfed2c\">\n.flex_column.av-dowpq-847597f5e4531b981529513c2bbfed2c{\nborder-width:1px;\nborder-color:#222222;\nborder-style:solid;\nborder-radius:10px 10px 10px 10px;\npadding:30px 0px 30px 0px;\nbackground-color:#fcfcfc;\n}\n<\/style>\n<div  class='flex_column av-dowpq-847597f5e4531b981529513c2bbfed2c av_three_fifth  avia-builder-el-6  el_after_av_one_fifth  el_before_av_one_fifth  flex_column_div  '     ><p>\n<style type=\"text\/css\" data-created_by=\"avia_inline_auto\" id=\"style-css-av-ji5e52mn-87037dae708a031d0e7c4e5ee5e76c5f\">\n#top .av-rotator-container.av-ji5e52mn-87037dae708a031d0e7c4e5ee5e76c5f{\ntext-align:center;\nmargin:0 0 10px 0;\n}\n<\/style>\n<div  class='av-rotator-container av-rotation-container-center av-ji5e52mn-87037dae708a031d0e7c4e5ee5e76c5f  avia-builder-el-7  el_before_av_button  avia-builder-el-first  av-fixed-rotator-width' data-interval='5' data-animation='1' data-fixWidth='1'><h3 class='av-rotator-container-inner'>Si necesita m\u00e1s informaci\u00f3n,<span class='av-rotator-text av-rotator-multiline-on'>\n<span class='av-rotator-text-single av-3o1kr8-512f85a4e1a37806402f949d20e1c08f av-rotator-text-single-1' >por favor,<\/span>\n<span class='av-rotator-text-single av-2umrh0-cc329df07e48b4cebd0fcc4cb395c9cb av-rotator-text-single-2' >\u00a1Cont\u00e1ctenos!<\/span>\n<\/span><\/h3><\/div><br \/>\n<div  class='avia-button-wrap av-amnku-57fafbb6ce14780ada1416fd05631c12-wrap avia-button-center  avia-builder-el-8  el_after_av_headline_rotator  avia-builder-el-last '><a href='https:\/\/www.abaccointernational.es\/es\/contacto\/'  class='avia-button av-amnku-57fafbb6ce14780ada1416fd05631c12 av-link-btn avia-icon_select-yes-left-icon avia-size-large avia-position-center avia-color-theme-color'   aria-label=\"Contacto\"><span class='avia_button_icon avia_button_icon_left avia-iconfont avia-font-entypo-fontello' data-av_icon='\ue805' data-av_iconfont='entypo-fontello' ><\/span><span class='avia_iconbox_title' >Contacto<\/span><\/a><\/div><\/p><\/div>\n<style type=\"text\/css\" data-created_by=\"avia_inline_auto\" id=\"style-css-av-b43ny-5ac5edbc5a21bd9e476e3f22c3b80750\">\n.flex_column.av-b43ny-5ac5edbc5a21bd9e476e3f22c3b80750{\nborder-radius:0px 0px 0px 0px;\npadding:0px 0px 0px 0px;\n}\n<\/style>\n<div  class='flex_column av-b43ny-5ac5edbc5a21bd9e476e3f22c3b80750 av_one_fifth  avia-builder-el-9  el_after_av_three_fifth  avia-builder-el-last  flex_column_div av-zero-column-padding  '     ><\/div>\n<\/div><\/div><\/div><!-- close content main div --><\/div><\/div><div id='after_section_1'  class='main_color av_default_container_wrap container_wrap sidebar_right'  ><div class='container av-section-cont-open' ><div class='template-page content  av-content-small alpha units'><div class='post-entry post-entry-type-page post-entry-2907'><div class='entry-content-wrapper clearfix'>\n","protected":false},"excerpt":{"rendered":"","protected":false},"author":1,"featured_media":0,"parent":0,"menu_order":0,"comment_status":"closed","ping_status":"closed","template":"","meta":{"footnotes":""},"class_list":["post-2907","page","type-page","status-publish","hentry"],"yoast_head":"<!-- This site is optimized with the Yoast SEO plugin v27.4 - https:\/\/yoast.com\/product\/yoast-seo-wordpress\/ -->\n<title>Programas: Group Tours to Spain and Portugal - Abacco International<\/title>\n<meta name=\"description\" content=\"A brief selection of program drafts to inspire your group tours to Spain and Portugal. If you have your own plan, send it to us!\" \/>\n<meta name=\"robots\" content=\"index, follow, max-snippet:-1, max-image-preview:large, max-video-preview:-1\" \/>\n<link rel=\"canonical\" href=\"https:\/\/www.abaccointernational.es\/es\/programas\/\" \/>\n<meta property=\"og:locale\" content=\"es_ES\" \/>\n<meta property=\"og:type\" content=\"article\" \/>\n<meta property=\"og:title\" content=\"Programas: Group Tours to Spain and Portugal - Abacco International\" \/>\n<meta property=\"og:description\" content=\"A brief selection of program drafts to inspire your group tours to Spain and Portugal. If you have your own plan, send it to us!\" \/>\n<meta property=\"og:url\" content=\"https:\/\/www.abaccointernational.es\/es\/programas\/\" \/>\n<meta property=\"og:site_name\" content=\"Abacco International\" \/>\n<meta property=\"article:modified_time\" content=\"2019-01-23T11:18:30+00:00\" \/>\n<meta name=\"twitter:card\" content=\"summary_large_image\" \/>\n<meta name=\"twitter:label1\" content=\"Tiempo de lectura\" \/>\n\t<meta name=\"twitter:data1\" content=\"4 minutos\" \/>\n<script type=\"application\/ld+json\" class=\"yoast-schema-graph\">{\"@context\":\"https:\\\/\\\/schema.org\",\"@graph\":[{\"@type\":\"WebPage\",\"@id\":\"https:\\\/\\\/www.abaccointernational.es\\\/es\\\/programas\\\/\",\"url\":\"https:\\\/\\\/www.abaccointernational.es\\\/es\\\/programas\\\/\",\"name\":\"Programas: Group Tours to Spain and Portugal - Abacco International\",\"isPartOf\":{\"@id\":\"https:\\\/\\\/www.abaccointernational.es\\\/#website\"},\"datePublished\":\"2018-06-01T18:19:37+00:00\",\"dateModified\":\"2019-01-23T11:18:30+00:00\",\"description\":\"A brief selection of program drafts to inspire your group tours to Spain and Portugal. If you have your own plan, send it to us!\",\"breadcrumb\":{\"@id\":\"https:\\\/\\\/www.abaccointernational.es\\\/es\\\/programas\\\/#breadcrumb\"},\"inLanguage\":\"es\",\"potentialAction\":[{\"@type\":\"ReadAction\",\"target\":[\"https:\\\/\\\/www.abaccointernational.es\\\/es\\\/programas\\\/\"]}]},{\"@type\":\"BreadcrumbList\",\"@id\":\"https:\\\/\\\/www.abaccointernational.es\\\/es\\\/programas\\\/#breadcrumb\",\"itemListElement\":[{\"@type\":\"ListItem\",\"position\":1,\"name\":\"Home\",\"item\":\"https:\\\/\\\/www.abaccointernational.es\\\/es\\\/\"},{\"@type\":\"ListItem\",\"position\":2,\"name\":\"Programas\"}]},{\"@type\":\"WebSite\",\"@id\":\"https:\\\/\\\/www.abaccointernational.es\\\/#website\",\"url\":\"https:\\\/\\\/www.abaccointernational.es\\\/\",\"name\":\"Abacco International\",\"description\":\"DMC for Spain And Portugal\",\"potentialAction\":[{\"@type\":\"SearchAction\",\"target\":{\"@type\":\"EntryPoint\",\"urlTemplate\":\"https:\\\/\\\/www.abaccointernational.es\\\/?s={search_term_string}\"},\"query-input\":{\"@type\":\"PropertyValueSpecification\",\"valueRequired\":true,\"valueName\":\"search_term_string\"}}],\"inLanguage\":\"es\"}]}<\/script>\n<!-- \/ Yoast SEO plugin. -->","yoast_head_json":{"title":"Programas: Group Tours to Spain and Portugal - Abacco International","description":"A brief selection of program drafts to inspire your group tours to Spain and Portugal. If you have your own plan, send it to us!","robots":{"index":"index","follow":"follow","max-snippet":"max-snippet:-1","max-image-preview":"max-image-preview:large","max-video-preview":"max-video-preview:-1"},"canonical":"https:\/\/www.abaccointernational.es\/es\/programas\/","og_locale":"es_ES","og_type":"article","og_title":"Programas: Group Tours to Spain and Portugal - Abacco International","og_description":"A brief selection of program drafts to inspire your group tours to Spain and Portugal. If you have your own plan, send it to us!","og_url":"https:\/\/www.abaccointernational.es\/es\/programas\/","og_site_name":"Abacco International","article_modified_time":"2019-01-23T11:18:30+00:00","twitter_card":"summary_large_image","twitter_misc":{"Tiempo de lectura":"4 minutos"},"schema":{"@context":"https:\/\/schema.org","@graph":[{"@type":"WebPage","@id":"https:\/\/www.abaccointernational.es\/es\/programas\/","url":"https:\/\/www.abaccointernational.es\/es\/programas\/","name":"Programas: Group Tours to Spain and Portugal - Abacco International","isPartOf":{"@id":"https:\/\/www.abaccointernational.es\/#website"},"datePublished":"2018-06-01T18:19:37+00:00","dateModified":"2019-01-23T11:18:30+00:00","description":"A brief selection of program drafts to inspire your group tours to Spain and Portugal. If you have your own plan, send it to us!","breadcrumb":{"@id":"https:\/\/www.abaccointernational.es\/es\/programas\/#breadcrumb"},"inLanguage":"es","potentialAction":[{"@type":"ReadAction","target":["https:\/\/www.abaccointernational.es\/es\/programas\/"]}]},{"@type":"BreadcrumbList","@id":"https:\/\/www.abaccointernational.es\/es\/programas\/#breadcrumb","itemListElement":[{"@type":"ListItem","position":1,"name":"Home","item":"https:\/\/www.abaccointernational.es\/es\/"},{"@type":"ListItem","position":2,"name":"Programas"}]},{"@type":"WebSite","@id":"https:\/\/www.abaccointernational.es\/#website","url":"https:\/\/www.abaccointernational.es\/","name":"Abacco International","description":"DMC for Spain And Portugal","potentialAction":[{"@type":"SearchAction","target":{"@type":"EntryPoint","urlTemplate":"https:\/\/www.abaccointernational.es\/?s={search_term_string}"},"query-input":{"@type":"PropertyValueSpecification","valueRequired":true,"valueName":"search_term_string"}}],"inLanguage":"es"}]}},"_links":{"self":[{"href":"https:\/\/www.abaccointernational.es\/es\/wp-json\/wp\/v2\/pages\/2907","targetHints":{"allow":["GET"]}}],"collection":[{"href":"https:\/\/www.abaccointernational.es\/es\/wp-json\/wp\/v2\/pages"}],"about":[{"href":"https:\/\/www.abaccointernational.es\/es\/wp-json\/wp\/v2\/types\/page"}],"author":[{"embeddable":true,"href":"https:\/\/www.abaccointernational.es\/es\/wp-json\/wp\/v2\/users\/1"}],"replies":[{"embeddable":true,"href":"https:\/\/www.abaccointernational.es\/es\/wp-json\/wp\/v2\/comments?post=2907"}],"version-history":[{"count":5,"href":"https:\/\/www.abaccointernational.es\/es\/wp-json\/wp\/v2\/pages\/2907\/revisions"}],"predecessor-version":[{"id":3394,"href":"https:\/\/www.abaccointernational.es\/es\/wp-json\/wp\/v2\/pages\/2907\/revisions\/3394"}],"wp:attachment":[{"href":"https:\/\/www.abaccointernational.es\/es\/wp-json\/wp\/v2\/media?parent=2907"}],"curies":[{"name":"wp","href":"https:\/\/api.w.org\/{rel}","templated":true}]}}